{"id":1645,"date":"2018-06-09T11:52:19","date_gmt":"2018-06-09T11:52:19","guid":{"rendered":"http:\/\/momentosdenatureza.web.ua.pt\/?page_id=1645"},"modified":"2018-06-09T12:24:24","modified_gmt":"2018-06-09T12:24:24","slug":"2018-pascoinhas","status":"publish","type":"page","link":"https:\/\/momentosdenatureza.web.ua.pt\/index.php\/2018-pascoinhas\/","title":{"rendered":"pascoinhas"},"content":{"rendered":"<blockquote><p><b>Coronilla glauca<\/b> \u00e9 uma esp\u00e9cie t\u00edpica de matos mediterr\u00e2nicos especialmente em solos calc\u00e1rios.<br \/>\nO nome cient\u00edfico Coronilla \u00e9 alusivo ao modo como as flores surgem agrupadas, em coroas circulares na extremidade das hastes.<\/p><\/blockquote>\n<p>L\u00edsia Lopes<br \/>\n<a href=\"#\" data-featherlight=\"http:\/\/momentosdenatureza.web.ua.pt\/wp-content\/uploads\/2018\/06\/pascoinhas-.jpg\"><br \/>\n<figure id=\"attachment_1129\" aria-describedby=\"caption-attachment-1129\" style=\"width: 300px\" class=\"wp-caption alignleft\"><img loading=\"lazy\" decoding=\"async\" src=\"http:\/\/momentosdenatureza.web.ua.pt\/wp-content\/uploads\/2018\/06\/pascoinhas--300x200.jpg\" alt=\"\" width=\"300\" height=\"200\" class=\"alignnone size-medium wp-image-1588\" srcset=\"https:\/\/momentosdenatureza.web.ua.pt\/wp-content\/uploads\/2018\/06\/pascoinhas--300x200.jpg 300w, https:\/\/momentosdenatureza.web.ua.pt\/wp-content\/uploads\/2018\/06\/pascoinhas--768x512.jpg 768w, https:\/\/momentosdenatureza.web.ua.pt\/wp-content\/uploads\/2018\/06\/pascoinhas--1024x683.jpg 1024w, https:\/\/momentosdenatureza.web.ua.pt\/wp-content\/uploads\/2018\/06\/pascoinhas--405x270.jpg 405w\" sizes=\"auto, (max-width: 300px) 100vw, 300px\" \/><figcaption id=\"caption-attachment-1129\" class=\"wp-caption-text\">Serra da Boa Viagem.<br \/>1\/640 seg. a f\/5.6<br \/>Canon EOS 600D<br \/>Objetiva 100mm<br \/>sem flash<br \/>Abril 2018<\/figcaption><\/figure><br \/>\n<\/a><\/p>\n","protected":false},"excerpt":{"rendered":"<p>Coronilla glauca \u00e9 uma esp\u00e9cie t\u00edpica de matos mediterr\u00e2nicos especialmente em solos calc\u00e1rios. O nome cient\u00edfico Coronilla \u00e9 alusivo ao modo como as flores surgem [&#8230;]<\/p>\n","protected":false},"author":3,"featured_media":0,"parent":0,"menu_order":0,"comment_status":"closed","ping_status":"closed","template":"","meta":{"footnotes":""},"class_list":["post-1645","page","type-page","status-publish","hentry"],"post_mailing_queue_ids":[],"_links":{"self":[{"href":"https:\/\/momentosdenatureza.web.ua.pt\/index.php\/wp-json\/wp\/v2\/pages\/1645","targetHints":{"allow":["GET"]}}],"collection":[{"href":"https:\/\/momentosdenatureza.web.ua.pt\/index.php\/wp-json\/wp\/v2\/pages"}],"about":[{"href":"https:\/\/momentosdenatureza.web.ua.pt\/index.php\/wp-json\/wp\/v2\/types\/page"}],"author":[{"embeddable":true,"href":"https:\/\/momentosdenatureza.web.ua.pt\/index.php\/wp-json\/wp\/v2\/users\/3"}],"replies":[{"embeddable":true,"href":"https:\/\/momentosdenatureza.web.ua.pt\/index.php\/wp-json\/wp\/v2\/comments?post=1645"}],"version-history":[{"count":5,"href":"https:\/\/momentosdenatureza.web.ua.pt\/index.php\/wp-json\/wp\/v2\/pages\/1645\/revisions"}],"predecessor-version":[{"id":1651,"href":"https:\/\/momentosdenatureza.web.ua.pt\/index.php\/wp-json\/wp\/v2\/pages\/1645\/revisions\/1651"}],"wp:attachment":[{"href":"https:\/\/momentosdenatureza.web.ua.pt\/index.php\/wp-json\/wp\/v2\/media?parent=1645"}],"curies":[{"name":"wp","href":"https:\/\/api.w.org\/{rel}","templated":true}]}}