{"id":1660,"date":"2018-06-09T11:58:02","date_gmt":"2018-06-09T11:58:02","guid":{"rendered":"http:\/\/momentosdenatureza.web.ua.pt\/?page_id=1660"},"modified":"2018-06-09T12:21:16","modified_gmt":"2018-06-09T12:21:16","slug":"2018-esporas-bravas","status":"publish","type":"page","link":"https:\/\/momentosdenatureza.web.ua.pt\/index.php\/2018-esporas-bravas\/","title":{"rendered":"esporas-bravas"},"content":{"rendered":"<blockquote><p><b>Linaria triornithophora<\/b>, end\u00e9mica da Pen\u00ednsula Ib\u00e9rica, surge na orla sombria de bosques caducif\u00f3lios. As flores possuem um longo espor\u00e3o, at\u00e9 5 cm de comprimento. Esp\u00e9cie vulner\u00e1vel devido \u00e0 destrui\u00e7\u00e3o dos carvalhais.<\/p><\/blockquote>\n<p>L\u00edsia Lopes<br \/>\n<a href=\"#\" data-featherlight=\"http:\/\/momentosdenatureza.web.ua.pt\/wp-content\/uploads\/2018\/06\/esporas-bravas.jpg\"><br \/>\n<figure id=\"attachment_1129\" aria-describedby=\"caption-attachment-1129\" style=\"width: 300px\" class=\"wp-caption alignleft\"><img loading=\"lazy\" decoding=\"async\" src=\"http:\/\/momentosdenatureza.web.ua.pt\/wp-content\/uploads\/2018\/06\/esporas-bravas-200x300.jpg\" alt=\"\" width=\"200\" height=\"300\" class=\"alignnone size-medium wp-image-1582\" srcset=\"https:\/\/momentosdenatureza.web.ua.pt\/wp-content\/uploads\/2018\/06\/esporas-bravas-200x300.jpg 200w, https:\/\/momentosdenatureza.web.ua.pt\/wp-content\/uploads\/2018\/06\/esporas-bravas-768x1152.jpg 768w, https:\/\/momentosdenatureza.web.ua.pt\/wp-content\/uploads\/2018\/06\/esporas-bravas-683x1024.jpg 683w, https:\/\/momentosdenatureza.web.ua.pt\/wp-content\/uploads\/2018\/06\/esporas-bravas-180x270.jpg 180w\" sizes=\"auto, (max-width: 200px) 100vw, 200px\" \/><figcaption id=\"caption-attachment-1129\" class=\"wp-caption-text\">Couto Esteves.<br \/>1\/250 seg. a f\/4<br \/>Canon EOS 600D<br \/>Objetiva 100mm<br \/>sem flash<br \/>Abril 2014<\/figcaption><\/figure><br \/>\n<\/a><\/p>\n","protected":false},"excerpt":{"rendered":"<p>Linaria triornithophora, end\u00e9mica da Pen\u00ednsula Ib\u00e9rica, surge na orla sombria de bosques caducif\u00f3lios. As flores possuem um longo espor\u00e3o, at\u00e9 5 cm de comprimento. Esp\u00e9cie [&#8230;]<\/p>\n","protected":false},"author":3,"featured_media":0,"parent":0,"menu_order":0,"comment_status":"closed","ping_status":"closed","template":"","meta":{"footnotes":""},"class_list":["post-1660","page","type-page","status-publish","hentry"],"post_mailing_queue_ids":[],"_links":{"self":[{"href":"https:\/\/momentosdenatureza.web.ua.pt\/index.php\/wp-json\/wp\/v2\/pages\/1660","targetHints":{"allow":["GET"]}}],"collection":[{"href":"https:\/\/momentosdenatureza.web.ua.pt\/index.php\/wp-json\/wp\/v2\/pages"}],"about":[{"href":"https:\/\/momentosdenatureza.web.ua.pt\/index.php\/wp-json\/wp\/v2\/types\/page"}],"author":[{"embeddable":true,"href":"https:\/\/momentosdenatureza.web.ua.pt\/index.php\/wp-json\/wp\/v2\/users\/3"}],"replies":[{"embeddable":true,"href":"https:\/\/momentosdenatureza.web.ua.pt\/index.php\/wp-json\/wp\/v2\/comments?post=1660"}],"version-history":[{"count":6,"href":"https:\/\/momentosdenatureza.web.ua.pt\/index.php\/wp-json\/wp\/v2\/pages\/1660\/revisions"}],"predecessor-version":[{"id":1723,"href":"https:\/\/momentosdenatureza.web.ua.pt\/index.php\/wp-json\/wp\/v2\/pages\/1660\/revisions\/1723"}],"wp:attachment":[{"href":"https:\/\/momentosdenatureza.web.ua.pt\/index.php\/wp-json\/wp\/v2\/media?parent=1660"}],"curies":[{"name":"wp","href":"https:\/\/api.w.org\/{rel}","templated":true}]}}