{"id":1678,"date":"2018-06-09T12:04:39","date_gmt":"2018-06-09T12:04:39","guid":{"rendered":"http:\/\/momentosdenatureza.web.ua.pt\/?page_id=1678"},"modified":"2018-06-09T12:19:35","modified_gmt":"2018-06-09T12:19:35","slug":"2018-cabrinha","status":"publish","type":"page","link":"https:\/\/momentosdenatureza.web.ua.pt\/index.php\/2018-cabrinha\/","title":{"rendered":"cabrinha"},"content":{"rendered":"<blockquote><p>Ou feto-dos-carvalhos, <b>Davallia canariensis<\/b>, surge como ep\u00edfita (sobre outras plantas) ou sobre rochas, em bosques frescos e h\u00famidos de influ\u00eancia oce\u00e2nica. \u00c9 uma esp\u00e9cie vulner\u00e1vel devido \u00e0 destrui\u00e7\u00e3o do seu habitat natural!<\/p><\/blockquote>\n<p>L\u00edsia Lopes<br \/>\n<a href=\"#\" data-featherlight=\"http:\/\/momentosdenatureza.web.ua.pt\/wp-content\/uploads\/2018\/06\/cabrinha.jpg\"><br \/>\n<figure id=\"attachment_1129\" aria-describedby=\"caption-attachment-1129\" style=\"width: 300px\" class=\"wp-caption alignleft\"><img loading=\"lazy\" decoding=\"async\" src=\"http:\/\/momentosdenatureza.web.ua.pt\/wp-content\/uploads\/2018\/06\/cabrinha-200x300.jpg\" alt=\"\" width=\"200\" height=\"300\" class=\"alignnone size-medium wp-image-1573\" srcset=\"https:\/\/momentosdenatureza.web.ua.pt\/wp-content\/uploads\/2018\/06\/cabrinha-200x300.jpg 200w, https:\/\/momentosdenatureza.web.ua.pt\/wp-content\/uploads\/2018\/06\/cabrinha-768x1152.jpg 768w, https:\/\/momentosdenatureza.web.ua.pt\/wp-content\/uploads\/2018\/06\/cabrinha-682x1024.jpg 682w, https:\/\/momentosdenatureza.web.ua.pt\/wp-content\/uploads\/2018\/06\/cabrinha-180x270.jpg 180w\" sizes=\"auto, (max-width: 200px) 100vw, 200px\" \/><figcaption id=\"caption-attachment-1129\" class=\"wp-caption-text\">Mata do Bussaco.<br \/>1\/100 seg. a f\/7.1<br \/>Canon EOS 600D<br \/>Objetiva 100mm<br \/>sem flash<br \/>Mar\u00e7o 2014<\/figcaption><\/figure><br \/>\n<\/a><\/p>\n","protected":false},"excerpt":{"rendered":"<p>Ou feto-dos-carvalhos, Davallia canariensis, surge como ep\u00edfita (sobre outras plantas) ou sobre rochas, em bosques frescos e h\u00famidos de influ\u00eancia oce\u00e2nica. \u00c9 uma esp\u00e9cie vulner\u00e1vel [&#8230;]<\/p>\n","protected":false},"author":3,"featured_media":0,"parent":0,"menu_order":0,"comment_status":"closed","ping_status":"closed","template":"","meta":{"footnotes":""},"class_list":["post-1678","page","type-page","status-publish","hentry"],"post_mailing_queue_ids":[],"_links":{"self":[{"href":"https:\/\/momentosdenatureza.web.ua.pt\/index.php\/wp-json\/wp\/v2\/pages\/1678","targetHints":{"allow":["GET"]}}],"collection":[{"href":"https:\/\/momentosdenatureza.web.ua.pt\/index.php\/wp-json\/wp\/v2\/pages"}],"about":[{"href":"https:\/\/momentosdenatureza.web.ua.pt\/index.php\/wp-json\/wp\/v2\/types\/page"}],"author":[{"embeddable":true,"href":"https:\/\/momentosdenatureza.web.ua.pt\/index.php\/wp-json\/wp\/v2\/users\/3"}],"replies":[{"embeddable":true,"href":"https:\/\/momentosdenatureza.web.ua.pt\/index.php\/wp-json\/wp\/v2\/comments?post=1678"}],"version-history":[{"count":4,"href":"https:\/\/momentosdenatureza.web.ua.pt\/index.php\/wp-json\/wp\/v2\/pages\/1678\/revisions"}],"predecessor-version":[{"id":1684,"href":"https:\/\/momentosdenatureza.web.ua.pt\/index.php\/wp-json\/wp\/v2\/pages\/1678\/revisions\/1684"}],"wp:attachment":[{"href":"https:\/\/momentosdenatureza.web.ua.pt\/index.php\/wp-json\/wp\/v2\/media?parent=1678"}],"curies":[{"name":"wp","href":"https:\/\/api.w.org\/{rel}","templated":true}]}}