{"id":6740,"date":"2026-02-07T23:10:58","date_gmt":"2026-02-07T23:10:58","guid":{"rendered":"https:\/\/momentosdenatureza.web.ua.pt\/?page_id=6740"},"modified":"2026-02-07T23:10:58","modified_gmt":"2026-02-07T23:10:58","slug":"momentos-de-natureza-estga-2026","status":"publish","type":"page","link":"https:\/\/momentosdenatureza.web.ua.pt\/index.php\/momentos-de-natureza-estga-2026\/","title":{"rendered":"Momentos de Natureza &#8211; ESTGA &#8211; 2026"},"content":{"rendered":"<p><em><strong>Exposi\u00e7\u00e3o coletiva<\/strong><\/em><\/p>\n<p style=\"text-align: left;\"><strong>MOMENTOS DE NATUREZA &#8211; ESTGA &#8211; 2026<\/strong><\/p>\n<p style=\"color:green;\">Olhares Diferentes<br \/>\nA Mesma Paix\u00e3o Pela Natureza <\/p>\n<p><em>data<\/em>: <strong>de 09 fevereiro a 31 de mar\u00e7o de 2026<\/strong><br \/>\n<em>local<\/em>: <strong>Galeria Sul da Escola Superior de Tecnologia e Gest\u00e3o de \u00c1gueda (ESTGA)<\/strong><\/p>\n<p><em><strong>Fot\u00f3grafos:<\/strong><\/em><\/p>\n<p><a href=\"http:\/\/momentosdenatureza.web.ua.pt\/index.php\/aldiro-pereira-2025\/\">Aldiro Pereira<\/a><br \/>\n<a href=\"http:\/\/momentosdenatureza.web.ua.pt\/index.php\/joao-quintela-2025\/\">Jo\u00e3o Quintela<\/a><br \/>\n<a href=\"http:\/\/momentosdenatureza.web.ua.pt\/index.php\/to-vieira-2025\/\">T\u00f3 Vieira<\/a><\/p>\n<hr \/>\n<p><strong>Momentos de Natureza &#8211; ESTGA &#8211; 2026<\/strong><\/p>\n<style type=\"text\/css\">\n#foogallery-gallery-6749.fg-masonry .fg-item { width: 250px; }\n#foogallery-gallery-6749.fg-masonry { --fg-gutter: 10px; }<\/style>\n\t\t\t<div class=\"foogallery foogallery-container foogallery-masonry foogallery-lightbox-foogallery fg-center fg-masonry fg-ready fg-dark fg-border-thin fg-shadow-small fg-loading-default fg-loaded-fade-in fg-captions-bottom fg-hover-fade fg-hover-plus fg-fixed\" id=\"foogallery-gallery-6749\" data-foogallery=\"{&quot;item&quot;:{&quot;showCaptionTitle&quot;:true,&quot;showCaptionDescription&quot;:true},&quot;lazy&quot;:true,&quot;template&quot;:{&quot;columnWidth&quot;:250,&quot;gutter&quot;:10}}\" data-foogallery-lightbox=\"{&quot;thumbs&quot;:&quot;bottom&quot;,&quot;thumbsCaptions&quot;:false,&quot;thumbsBestFit&quot;:false,&quot;thumbsSmall&quot;:false,&quot;thumbsCaptionsAlign&quot;:&quot;default&quot;,&quot;info&quot;:&quot;bottom&quot;,&quot;infoVisible&quot;:true,&quot;infoOverlay&quot;:true,&quot;infoAlign&quot;:&quot;default&quot;,&quot;transition&quot;:&quot;fade&quot;,&quot;hoverButtons&quot;:false,&quot;fitMedia&quot;:false,&quot;noScrollbars&quot;:true,&quot;preserveButtonSpace&quot;:true,&quot;buttons&quot;:{&quot;fullscreen&quot;:true,&quot;info&quot;:true,&quot;thumbs&quot;:false},&quot;video&quot;:{&quot;autoPlay&quot;:true}}\" style=\"--fg-title-line-clamp: 1; --fg-description-line-clamp: 2;\" >\n\t\t<div class=\"fg-item fg-type-image fg-idle\"><figure class=\"fg-item-inner\"><a href=\"https:\/\/momentosdenatureza.web.ua.pt\/wp-content\/uploads\/2025\/07\/Desenraizada.jpg\" data-caption-title=\"Desenraizada\" data-caption-desc=\"Agosto 2024\n\n\n\u00a9 Jo\u00e3o Quintela\" data-attachment-id=\"6412\" data-type=\"image\" class=\"fg-thumb\"><span class=\"fg-image-wrap\"><img decoding=\"async\" alt=\"Desenraizada\" title=\"Desenraizada\" width=\"250\" height=\"175\" class=\"skip-lazy fg-image\" data-src-fg=\"https:\/\/momentosdenatureza.web.ua.pt\/wp-content\/uploads\/cache\/2025\/07\/Desenraizada\/684980981.jpg\" src=\"data:image\/svg+xml,%3Csvg%20xmlns%3D%22http%3A%2F%2Fwww.w3.org%2F2000%2Fsvg%22%20width%3D%22250%22%20height%3D%22175%22%20viewBox%3D%220%200%20250%20175%22%3E%3C%2Fsvg%3E\" loading=\"eager\"><\/span><span class=\"fg-image-overlay\"><\/span><\/a><figcaption class=\"fg-caption\"><div class=\"fg-caption-inner\"><div class=\"fg-caption-title\">Desenraizada<\/div><div class=\"fg-caption-desc\">Agosto 2024\n\n\n\u00a9 Jo\u00e3o Quintela<\/div><\/div><\/figcaption><\/figure><div class=\"fg-loader\"><\/div><\/div><div class=\"fg-item fg-type-image fg-idle\"><figure class=\"fg-item-inner\"><a href=\"https:\/\/momentosdenatureza.web.ua.pt\/wp-content\/uploads\/2025\/07\/Carvalho-na-Ribeira-da-Palha.jpg\" data-caption-title=\"Carvalho na Ribeira da Palha\" data-caption-desc=\"Janeiro 2025\n\n\u00a9 Jo\u00e3o Quintela\" data-attachment-id=\"6409\" data-type=\"image\" class=\"fg-thumb\"><span class=\"fg-image-wrap\"><img decoding=\"async\" alt=\"Carvalho na Ribeira da Palha\" title=\"Carvalho na Ribeira da Palha\" width=\"250\" height=\"175\" class=\"skip-lazy fg-image\" data-src-fg=\"https:\/\/momentosdenatureza.web.ua.pt\/wp-content\/uploads\/cache\/2025\/07\/Carvalho-na-Ribeira-da-Palha\/2634105502.jpg\" src=\"data:image\/svg+xml,%3Csvg%20xmlns%3D%22http%3A%2F%2Fwww.w3.org%2F2000%2Fsvg%22%20width%3D%22250%22%20height%3D%22175%22%20viewBox%3D%220%200%20250%20175%22%3E%3C%2Fsvg%3E\" loading=\"eager\"><\/span><span class=\"fg-image-overlay\"><\/span><\/a><figcaption class=\"fg-caption\"><div class=\"fg-caption-inner\"><div class=\"fg-caption-title\">Carvalho na Ribeira da Palha<\/div><div class=\"fg-caption-desc\">Janeiro 2025\n\n\u00a9 Jo\u00e3o Quintela<\/div><\/div><\/figcaption><\/figure><div class=\"fg-loader\"><\/div><\/div><div class=\"fg-item fg-type-image fg-idle\"><figure class=\"fg-item-inner\"><a href=\"https:\/\/momentosdenatureza.web.ua.pt\/wp-content\/uploads\/2025\/07\/Abraco-2.jpg\" data-caption-title=\"Abra\u00e7o #2\" data-caption-desc=\"Agosto 2024\n\n\n\u00a9 Jo\u00e3o Quintela\" data-attachment-id=\"6406\" data-type=\"image\" class=\"fg-thumb\"><span class=\"fg-image-wrap\"><img fetchpriority=\"high\" decoding=\"async\" alt=\"Abra\u00e7o #2\" title=\"Abra\u00e7o #2\" width=\"250\" height=\"432\" class=\"skip-lazy fg-image\" data-src-fg=\"https:\/\/momentosdenatureza.web.ua.pt\/wp-content\/uploads\/cache\/2025\/07\/Abraco-2\/2838742676.jpg\" src=\"data:image\/svg+xml,%3Csvg%20xmlns%3D%22http%3A%2F%2Fwww.w3.org%2F2000%2Fsvg%22%20width%3D%22250%22%20height%3D%22432%22%20viewBox%3D%220%200%20250%20432%22%3E%3C%2Fsvg%3E\" loading=\"eager\"><\/span><span class=\"fg-image-overlay\"><\/span><\/a><figcaption class=\"fg-caption\"><div class=\"fg-caption-inner\"><div class=\"fg-caption-title\">Abra\u00e7o #2<\/div><div class=\"fg-caption-desc\">Agosto 2024\n\n\n\u00a9 Jo\u00e3o Quintela<\/div><\/div><\/figcaption><\/figure><div class=\"fg-loader\"><\/div><\/div><div class=\"fg-item fg-type-image fg-idle\"><figure class=\"fg-item-inner\"><a href=\"https:\/\/momentosdenatureza.web.ua.pt\/wp-content\/uploads\/2025\/07\/Uma-especie-de-bosque-7.jpg\" data-caption-title=\"Uma esp\u00e9cie de bosque #7\" data-caption-desc=\"Janeiro 2024\n\n\u00a9 Jo\u00e3o Quintela\" data-attachment-id=\"6403\" data-type=\"image\" class=\"fg-thumb\"><span class=\"fg-image-wrap\"><img decoding=\"async\" alt=\"Uma esp\u00e9cie de bosque #7\" title=\"Uma esp\u00e9cie de bosque #7\" width=\"250\" height=\"175\" class=\"skip-lazy fg-image\" data-src-fg=\"https:\/\/momentosdenatureza.web.ua.pt\/wp-content\/uploads\/cache\/2025\/07\/Uma-especie-de-bosque-7\/3241115278.jpg\" src=\"data:image\/svg+xml,%3Csvg%20xmlns%3D%22http%3A%2F%2Fwww.w3.org%2F2000%2Fsvg%22%20width%3D%22250%22%20height%3D%22175%22%20viewBox%3D%220%200%20250%20175%22%3E%3C%2Fsvg%3E\" loading=\"eager\"><\/span><span class=\"fg-image-overlay\"><\/span><\/a><figcaption class=\"fg-caption\"><div class=\"fg-caption-inner\"><div class=\"fg-caption-title\">Uma esp\u00e9cie de bosque #7<\/div><div class=\"fg-caption-desc\">Janeiro 2024\n\n\u00a9 Jo\u00e3o Quintela<\/div><\/div><\/figcaption><\/figure><div class=\"fg-loader\"><\/div><\/div><div class=\"fg-item fg-type-image fg-idle\"><figure class=\"fg-item-inner\"><a href=\"https:\/\/momentosdenatureza.web.ua.pt\/wp-content\/uploads\/2025\/07\/Uma-especie-de-bosque-6.jpg\" data-caption-title=\"Uma esp\u00e9cie de bosque #6\" data-caption-desc=\"Janeiro 2024\n\n\u00a9 Jo\u00e3o Quintela\" data-attachment-id=\"6400\" data-type=\"image\" class=\"fg-thumb\"><span class=\"fg-image-wrap\"><img decoding=\"async\" alt=\"Uma esp\u00e9cie de bosque #6\" title=\"Uma esp\u00e9cie de bosque #6\" width=\"250\" height=\"393\" class=\"skip-lazy fg-image\" data-src-fg=\"https:\/\/momentosdenatureza.web.ua.pt\/wp-content\/uploads\/cache\/2025\/07\/Uma-especie-de-bosque-6\/3427246119.jpg\" src=\"data:image\/svg+xml,%3Csvg%20xmlns%3D%22http%3A%2F%2Fwww.w3.org%2F2000%2Fsvg%22%20width%3D%22250%22%20height%3D%22393%22%20viewBox%3D%220%200%20250%20393%22%3E%3C%2Fsvg%3E\" loading=\"eager\"><\/span><span class=\"fg-image-overlay\"><\/span><\/a><figcaption class=\"fg-caption\"><div class=\"fg-caption-inner\"><div class=\"fg-caption-title\">Uma esp\u00e9cie de bosque #6<\/div><div class=\"fg-caption-desc\">Janeiro 2024\n\n\u00a9 Jo\u00e3o Quintela<\/div><\/div><\/figcaption><\/figure><div class=\"fg-loader\"><\/div><\/div><div class=\"fg-item fg-type-image fg-idle\"><figure class=\"fg-item-inner\"><a href=\"https:\/\/momentosdenatureza.web.ua.pt\/wp-content\/uploads\/2025\/07\/Uma-especie-de-bosque-4.jpg\" data-caption-title=\"Uma esp\u00e9cie de bosque #4\" data-caption-desc=\"Novembro 2023\n\n\u00a9 Jo\u00e3o Quintela\" data-attachment-id=\"6397\" data-type=\"image\" class=\"fg-thumb\"><span class=\"fg-image-wrap\"><img decoding=\"async\" alt=\"Uma esp\u00e9cie de bosque #4\" title=\"Uma esp\u00e9cie de bosque #4\" width=\"250\" height=\"398\" class=\"skip-lazy fg-image\" data-src-fg=\"https:\/\/momentosdenatureza.web.ua.pt\/wp-content\/uploads\/cache\/2025\/07\/Uma-especie-de-bosque-4\/1624038597.jpg\" src=\"data:image\/svg+xml,%3Csvg%20xmlns%3D%22http%3A%2F%2Fwww.w3.org%2F2000%2Fsvg%22%20width%3D%22250%22%20height%3D%22398%22%20viewBox%3D%220%200%20250%20398%22%3E%3C%2Fsvg%3E\" loading=\"eager\"><\/span><span class=\"fg-image-overlay\"><\/span><\/a><figcaption class=\"fg-caption\"><div class=\"fg-caption-inner\"><div class=\"fg-caption-title\">Uma esp\u00e9cie de bosque #4<\/div><div class=\"fg-caption-desc\">Novembro 2023\n\n\u00a9 Jo\u00e3o Quintela<\/div><\/div><\/figcaption><\/figure><div class=\"fg-loader\"><\/div><\/div><div class=\"fg-item fg-type-image fg-idle\"><figure class=\"fg-item-inner\"><a href=\"https:\/\/momentosdenatureza.web.ua.pt\/wp-content\/uploads\/2025\/07\/Raizes.jpg\" data-caption-title=\"Ra\u00edzes\" data-caption-desc=\"Junho 2024\n\n\n\u00a9 Jo\u00e3o Quintela\" data-attachment-id=\"6394\" data-type=\"image\" class=\"fg-thumb\"><span class=\"fg-image-wrap\"><img decoding=\"async\" alt=\"Ra\u00edzes\" title=\"Ra\u00edzes\" width=\"250\" height=\"175\" class=\"skip-lazy fg-image\" data-src-fg=\"https:\/\/momentosdenatureza.web.ua.pt\/wp-content\/uploads\/cache\/2025\/07\/Raizes\/1124429417.jpg\" src=\"data:image\/svg+xml,%3Csvg%20xmlns%3D%22http%3A%2F%2Fwww.w3.org%2F2000%2Fsvg%22%20width%3D%22250%22%20height%3D%22175%22%20viewBox%3D%220%200%20250%20175%22%3E%3C%2Fsvg%3E\" loading=\"eager\"><\/span><span class=\"fg-image-overlay\"><\/span><\/a><figcaption class=\"fg-caption\"><div class=\"fg-caption-inner\"><div class=\"fg-caption-title\">Ra\u00edzes<\/div><div class=\"fg-caption-desc\">Junho 2024\n\n\n\u00a9 Jo\u00e3o Quintela<\/div><\/div><\/figcaption><\/figure><div class=\"fg-loader\"><\/div><\/div><div class=\"fg-item fg-type-image fg-idle\"><figure class=\"fg-item-inner\"><a href=\"https:\/\/momentosdenatureza.web.ua.pt\/wp-content\/uploads\/2025\/07\/Pateira-de-Fermentelos.jpg\" data-caption-title=\"Pateira de Fermentelos\" data-caption-desc=\"Dezembro 2022\n\n\u00a9 Jo\u00e3o Quintela\" data-attachment-id=\"6391\" data-type=\"image\" class=\"fg-thumb\"><span class=\"fg-image-wrap\"><img decoding=\"async\" alt=\"Pateira de Fermentelos\" title=\"Pateira de Fermentelos\" width=\"250\" height=\"175\" class=\"skip-lazy fg-image\" data-src-fg=\"https:\/\/momentosdenatureza.web.ua.pt\/wp-content\/uploads\/cache\/2025\/07\/Pateira-de-Fermentelos\/885646212.jpg\" src=\"data:image\/svg+xml,%3Csvg%20xmlns%3D%22http%3A%2F%2Fwww.w3.org%2F2000%2Fsvg%22%20width%3D%22250%22%20height%3D%22175%22%20viewBox%3D%220%200%20250%20175%22%3E%3C%2Fsvg%3E\" loading=\"eager\"><\/span><span class=\"fg-image-overlay\"><\/span><\/a><figcaption class=\"fg-caption\"><div class=\"fg-caption-inner\"><div class=\"fg-caption-title\">Pateira de Fermentelos<\/div><div class=\"fg-caption-desc\">Dezembro 2022\n\n\u00a9 Jo\u00e3o Quintela<\/div><\/div><\/figcaption><\/figure><div class=\"fg-loader\"><\/div><\/div><div class=\"fg-item fg-type-image fg-idle\"><figure class=\"fg-item-inner\"><a href=\"https:\/\/momentosdenatureza.web.ua.pt\/wp-content\/uploads\/2025\/07\/Outonais1.jpg\" data-caption-title=\"Outonais # 1\" data-caption-desc=\"Novembro 2024\n\n\u00a9 Jo\u00e3o Quintela\" data-attachment-id=\"6388\" data-type=\"image\" class=\"fg-thumb\"><span class=\"fg-image-wrap\"><img decoding=\"async\" alt=\"Outonais # 1\" title=\"Outonais # 1\" width=\"250\" height=\"148\" class=\"skip-lazy fg-image\" data-src-fg=\"https:\/\/momentosdenatureza.web.ua.pt\/wp-content\/uploads\/cache\/2025\/07\/Outonais1\/4165936863.jpg\" src=\"data:image\/svg+xml,%3Csvg%20xmlns%3D%22http%3A%2F%2Fwww.w3.org%2F2000%2Fsvg%22%20width%3D%22250%22%20height%3D%22148%22%20viewBox%3D%220%200%20250%20148%22%3E%3C%2Fsvg%3E\" loading=\"eager\"><\/span><span class=\"fg-image-overlay\"><\/span><\/a><figcaption class=\"fg-caption\"><div class=\"fg-caption-inner\"><div class=\"fg-caption-title\">Outonais # 1<\/div><div class=\"fg-caption-desc\">Novembro 2024\n\n\u00a9 Jo\u00e3o Quintela<\/div><\/div><\/figcaption><\/figure><div class=\"fg-loader\"><\/div><\/div><div class=\"fg-item fg-type-image fg-idle\"><figure class=\"fg-item-inner\"><a href=\"https:\/\/momentosdenatureza.web.ua.pt\/wp-content\/uploads\/2025\/07\/Linhas-Cruzadas.jpg\" data-caption-title=\"Linhas Cruzadas\" data-caption-desc=\"Setembro 2020\n\n\n\u00a9 Jo\u00e3o Quintela\" data-attachment-id=\"6385\" data-type=\"image\" class=\"fg-thumb\"><span class=\"fg-image-wrap\"><img decoding=\"async\" alt=\"Linhas Cruzadas\" title=\"Linhas Cruzadas\" width=\"250\" height=\"394\" class=\"skip-lazy fg-image\" data-src-fg=\"https:\/\/momentosdenatureza.web.ua.pt\/wp-content\/uploads\/cache\/2025\/07\/Linhas-Cruzadas\/605826936.jpg\" src=\"data:image\/svg+xml,%3Csvg%20xmlns%3D%22http%3A%2F%2Fwww.w3.org%2F2000%2Fsvg%22%20width%3D%22250%22%20height%3D%22394%22%20viewBox%3D%220%200%20250%20394%22%3E%3C%2Fsvg%3E\" loading=\"eager\"><\/span><span class=\"fg-image-overlay\"><\/span><\/a><figcaption class=\"fg-caption\"><div class=\"fg-caption-inner\"><div class=\"fg-caption-title\">Linhas Cruzadas<\/div><div class=\"fg-caption-desc\">Setembro 2020\n\n\n\u00a9 Jo\u00e3o Quintela<\/div><\/div><\/figcaption><\/figure><div class=\"fg-loader\"><\/div><\/div><div class=\"fg-item fg-type-image fg-idle\"><figure class=\"fg-item-inner\"><a href=\"https:\/\/momentosdenatureza.web.ua.pt\/wp-content\/uploads\/2025\/07\/IMGP9317.30x45-scaled-e1751918590175.jpg\" data-caption-desc=\"&lt;h6 style=&quot;color: white;font-style: italic;font-size: 14px&quot;&gt;Lagarta da borboleta-branca-grande-da-couve (Pieris brassicae).&lt;\/h6&gt;\r\nUma lagarta \u00e9 por norma uma fase imatura das borboletas. A colora\u00e7\u00e3o desta lagarta (amarela e preta) serve como sinal de advert\u00eancia aos seus predadores, como quem diz: \u201caten\u00e7\u00e3o, eu sou perigosa!\u201d. E isso deve-se ao fato de extra\u00edrem subst\u00e2ncias das plantas que as tornam t\u00f3xicas ou desagrad\u00e1veis, especialmente para aves. \u00c9 comum v\u00ea-las nas hortas (couves) mas esta foi fotografada no campo, numa planta selvagem da fam\u00edlia das couves, Cardamine pratensis (agri\u00e3o-dos-prados).\" data-attachment-id=\"6370\" data-type=\"image\" class=\"fg-thumb\"><span class=\"fg-image-wrap\"><img decoding=\"async\" alt=\"Lagarta da borboleta-branca-grande-da-couve (Pieris brassicae).\" width=\"250\" height=\"375\" class=\"skip-lazy fg-image\" data-src-fg=\"https:\/\/momentosdenatureza.web.ua.pt\/wp-content\/uploads\/cache\/2025\/07\/IMGP9317_30x45-scaled-e1751918590175\/1259260547.jpg\" src=\"data:image\/svg+xml,%3Csvg%20xmlns%3D%22http%3A%2F%2Fwww.w3.org%2F2000%2Fsvg%22%20width%3D%22250%22%20height%3D%22375%22%20viewBox%3D%220%200%20250%20375%22%3E%3C%2Fsvg%3E\" loading=\"eager\"><\/span><span class=\"fg-image-overlay\"><\/span><\/a><figcaption class=\"fg-caption\"><div class=\"fg-caption-inner\"><div class=\"fg-caption-desc\"><h6 style=\"color: white;font-style: italic;font-size: 14px\">Lagarta da borboleta-branca-grande-da-couve (Pieris brassicae).<\/h6>\r\nUma lagarta \u00e9 por norma uma fase imatura das borboletas. A colora\u00e7\u00e3o desta lagarta (amarela e preta) serve como sinal de advert\u00eancia aos seus predadores, como quem diz: \u201caten\u00e7\u00e3o, eu sou perigosa!\u201d. E isso deve-se ao fato de extra\u00edrem subst\u00e2ncias das plantas que as tornam t\u00f3xicas ou desagrad\u00e1veis, especialmente para aves. \u00c9 comum v\u00ea-las nas hortas (couves) mas esta foi fotografada no campo, numa planta selvagem da fam\u00edlia das couves, Cardamine pratensis (agri\u00e3o-dos-prados).<\/div><\/div><\/figcaption><\/figure><div class=\"fg-loader\"><\/div><\/div><div class=\"fg-item fg-type-image fg-idle\"><figure class=\"fg-item-inner\"><a href=\"https:\/\/momentosdenatureza.web.ua.pt\/wp-content\/uploads\/2025\/07\/IMGP8574.30x45-scaled-e1751918879764.jpg\" data-caption-desc=\"&lt;h6 style=&quot;color: white;font-style: italic;font-size: 14px&quot;&gt;Hyla arborea &lt;\/h6&gt;\r\nAo contr\u00e1rio da maioria dos anf\u00edbios, que vivem predominantemente no solo ou em ambientes aqu\u00e1ticos, a Hyla arborea passa grande parte da sua vida em vegeta\u00e7\u00e3o elevada, como arbustos, juncos e \u00e1rvores de pequeno porte. Essa prefer\u00eancia por habitats verticais \u00e9 poss\u00edvel gra\u00e7as aos seus discos adesivos nas pontas dos dedos, que funcionam como ventosas naturais. Esses discos permitem que a r\u00e3 se mova com agilidade por superf\u00edcies lisas e inclinadas, mesmo em folhas molhadas ou caules finos. Este comportamento arbor\u00edcola n\u00e3o \u00e9 apenas uma curiosidade anat\u00f4mica \u2014 \u00e9 uma estrat\u00e9gia de sobreviv\u00eancia. Ao viver acima do solo, a Hyla arborea evita muitos predadores terrestres e aproveita melhor os recursos alimentares dispon\u00edveis, como insetos voadores.\" data-attachment-id=\"6367\" data-type=\"image\" class=\"fg-thumb\"><span class=\"fg-image-wrap\"><img decoding=\"async\" alt=\"Hyla arborea\" width=\"250\" height=\"375\" class=\"skip-lazy fg-image\" data-src-fg=\"https:\/\/momentosdenatureza.web.ua.pt\/wp-content\/uploads\/cache\/2025\/07\/IMGP8574_30x45-scaled-e1751918879764\/1035844255.jpg\" src=\"data:image\/svg+xml,%3Csvg%20xmlns%3D%22http%3A%2F%2Fwww.w3.org%2F2000%2Fsvg%22%20width%3D%22250%22%20height%3D%22375%22%20viewBox%3D%220%200%20250%20375%22%3E%3C%2Fsvg%3E\" loading=\"eager\"><\/span><span class=\"fg-image-overlay\"><\/span><\/a><figcaption class=\"fg-caption\"><div class=\"fg-caption-inner\"><div class=\"fg-caption-desc\"><h6 style=\"color: white;font-style: italic;font-size: 14px\">Hyla arborea <\/h6>\r\nAo contr\u00e1rio da maioria dos anf\u00edbios, que vivem predominantemente no solo ou em ambientes aqu\u00e1ticos, a Hyla arborea passa grande parte da sua vida em vegeta\u00e7\u00e3o elevada, como arbustos, juncos e \u00e1rvores de pequeno porte. Essa prefer\u00eancia por habitats verticais \u00e9 poss\u00edvel gra\u00e7as aos seus discos adesivos nas pontas dos dedos, que funcionam como ventosas naturais. Esses discos permitem que a r\u00e3 se mova com agilidade por superf\u00edcies lisas e inclinadas, mesmo em folhas molhadas ou caules finos. Este comportamento arbor\u00edcola n\u00e3o \u00e9 apenas uma curiosidade anat\u00f4mica \u2014 \u00e9 uma estrat\u00e9gia de sobreviv\u00eancia. Ao viver acima do solo, a Hyla arborea evita muitos predadores terrestres e aproveita melhor os recursos alimentares dispon\u00edveis, como insetos voadores.<\/div><\/div><\/figcaption><\/figure><div class=\"fg-loader\"><\/div><\/div><div class=\"fg-item fg-type-image fg-idle\"><figure class=\"fg-item-inner\"><a href=\"https:\/\/momentosdenatureza.web.ua.pt\/wp-content\/uploads\/2025\/07\/Imgp8489.30x45-scaled-e1751918965143.jpg\" data-caption-desc=\"&lt;h6 style=&quot;color: white;font-style: italic;font-size: 14px&quot;&gt;Pernilongo (Himantopus Himantopus)&lt;\/h6&gt;\r\n\u00c9 uma ave elegante de pernas extremamente longas e finas, com plumagem contrastante em preto e branco. Mede cerca de 35 cm e habita zonas h\u00famidas como lagoas, salinas e estu\u00e1rios. O seu bico fino e reto \u00e9 ideal para capturar pequenos invertebrados na \u00e1gua rasa. \u00c9 conhecido pelo voo gracioso e vocaliza\u00e7\u00f5es agudas, sendo comum em v\u00e1rias regi\u00f5es de Portugal e do mundo.\" data-attachment-id=\"6364\" data-type=\"image\" class=\"fg-thumb\"><span class=\"fg-image-wrap\"><img decoding=\"async\" alt=\"Pernilongo (Himantopus himantopus)\" width=\"250\" height=\"374\" class=\"skip-lazy fg-image\" data-src-fg=\"https:\/\/momentosdenatureza.web.ua.pt\/wp-content\/uploads\/cache\/2025\/07\/Imgp8489_30x45-scaled-e1751918965143\/3760961279.jpg\" src=\"data:image\/svg+xml,%3Csvg%20xmlns%3D%22http%3A%2F%2Fwww.w3.org%2F2000%2Fsvg%22%20width%3D%22250%22%20height%3D%22374%22%20viewBox%3D%220%200%20250%20374%22%3E%3C%2Fsvg%3E\" loading=\"eager\"><\/span><span class=\"fg-image-overlay\"><\/span><\/a><figcaption class=\"fg-caption\"><div class=\"fg-caption-inner\"><div class=\"fg-caption-desc\"><h6 style=\"color: white;font-style: italic;font-size: 14px\">Pernilongo (Himantopus Himantopus)<\/h6>\r\n\u00c9 uma ave elegante de pernas extremamente longas e finas, com plumagem contrastante em preto e branco. Mede cerca de 35 cm e habita zonas h\u00famidas como lagoas, salinas e estu\u00e1rios. O seu bico fino e reto \u00e9 ideal para capturar pequenos invertebrados na \u00e1gua rasa. \u00c9 conhecido pelo voo gracioso e vocaliza\u00e7\u00f5es agudas, sendo comum em v\u00e1rias regi\u00f5es de Portugal e do mundo.<\/div><\/div><\/figcaption><\/figure><div class=\"fg-loader\"><\/div><\/div><div class=\"fg-item fg-type-image fg-idle\"><figure class=\"fg-item-inner\"><a href=\"https:\/\/momentosdenatureza.web.ua.pt\/wp-content\/uploads\/2025\/07\/IMGP7842.1-30x45-1-scaled-e1751919104623.jpg\" data-caption-desc=\"&lt;h6 style=&quot;color: white;font-style: italic;font-size: 14px&quot;&gt;Maniola jurtina&lt;\/h6&gt;\r\n\u00c9 uma borboleta comum na Europa, pertencente \u00e0 fam\u00edlia Nymphalidae. Apresenta asas de colora\u00e7\u00e3o castanha com manchas alaranjadas e um caracter\u00edstico \u201colho\u201d preto com ponto branco nas asas anteriores. Mede entre 4 e 5 cm de envergadura. Habita prados, campos e margens de caminhos, sendo mais ativa nos meses quentes. As lagartas alimentam-se de gram\u00edneas, enquanto os adultos preferem n\u00e9ctar de flores silvestres.\" data-attachment-id=\"6361\" data-type=\"image\" class=\"fg-thumb\"><span class=\"fg-image-wrap\"><img decoding=\"async\" alt=\"Maniola jurtina\" width=\"250\" height=\"373\" class=\"skip-lazy fg-image\" data-src-fg=\"https:\/\/momentosdenatureza.web.ua.pt\/wp-content\/uploads\/cache\/2025\/07\/IMGP7842_1-30x45-1-scaled-e1751919104623\/4048451733.jpg\" src=\"data:image\/svg+xml,%3Csvg%20xmlns%3D%22http%3A%2F%2Fwww.w3.org%2F2000%2Fsvg%22%20width%3D%22250%22%20height%3D%22373%22%20viewBox%3D%220%200%20250%20373%22%3E%3C%2Fsvg%3E\" loading=\"eager\"><\/span><span class=\"fg-image-overlay\"><\/span><\/a><figcaption class=\"fg-caption\"><div class=\"fg-caption-inner\"><div class=\"fg-caption-desc\"><h6 style=\"color: white;font-style: italic;font-size: 14px\">Maniola jurtina<\/h6>\r\n\u00c9 uma borboleta comum na Europa, pertencente \u00e0 fam\u00edlia Nymphalidae. Apresenta asas de colora\u00e7\u00e3o castanha com manchas alaranjadas e um caracter\u00edstico \u201colho\u201d preto com ponto branco nas asas anteriores. Mede entre 4 e 5 cm de envergadura. Habita prados, campos e margens de caminhos, sendo mais ativa nos meses quentes. As lagartas alimentam-se de gram\u00edneas, enquanto os adultos preferem n\u00e9ctar de flores silvestres.<\/div><\/div><\/figcaption><\/figure><div class=\"fg-loader\"><\/div><\/div><div class=\"fg-item fg-type-image fg-idle\"><figure class=\"fg-item-inner\"><a href=\"https:\/\/momentosdenatureza.web.ua.pt\/wp-content\/uploads\/2025\/07\/IMGP2953.30x45-scaled.jpg\" data-caption-desc=\"&lt;h6 style=&quot;color: white;font-style: italic;font-size: 14px&quot;&gt;Colpa sexmaculata&lt;\/h6&gt;\r\n\u00c9 uma vespa da fam\u00edlia Scoliidae, pertencente \u00e0 ordem Hymenoptera. Descrita por Fabricius em 1781, \u00e9 conhecida por seu corpo robusto e colora\u00e7\u00e3o preta com manchas amarelas distintas, geralmente seis, que lhe d\u00e3o o nome. Mede entre 15 e 25 mm e \u00e9 frequentemente observada em ambientes abertos e floridos. As f\u00eameas s\u00e3o parasit\u00f3ides de larvas de escaravelhos, especialmente de esp\u00e9cies do solo, desempenhando um papel importante no controlo biol\u00f3gico natural. Est\u00e1 presente em v\u00e1rias regi\u00f5es de Portugal.\" data-attachment-id=\"6358\" data-type=\"image\" class=\"fg-thumb\"><span class=\"fg-image-wrap\"><img decoding=\"async\" alt=\"Colpa sexmaculata\" width=\"250\" height=\"167\" class=\"skip-lazy fg-image\" data-src-fg=\"https:\/\/momentosdenatureza.web.ua.pt\/wp-content\/uploads\/cache\/2025\/07\/IMGP2953_30x45-scaled\/785267622.jpg\" src=\"data:image\/svg+xml,%3Csvg%20xmlns%3D%22http%3A%2F%2Fwww.w3.org%2F2000%2Fsvg%22%20width%3D%22250%22%20height%3D%22167%22%20viewBox%3D%220%200%20250%20167%22%3E%3C%2Fsvg%3E\" loading=\"eager\"><\/span><span class=\"fg-image-overlay\"><\/span><\/a><figcaption class=\"fg-caption\"><div class=\"fg-caption-inner\"><div class=\"fg-caption-desc\"><h6 style=\"color: white;font-style: italic;font-size: 14px\">Colpa sexmaculata<\/h6>\r\n\u00c9 uma vespa da fam\u00edlia Scoliidae, pertencente \u00e0 ordem Hymenoptera. Descrita por Fabricius em 1781, \u00e9 conhecida por seu corpo robusto e colora\u00e7\u00e3o preta com manchas amarelas distintas, geralmente seis, que lhe d\u00e3o o nome. Mede entre 15 e 25 mm e \u00e9 frequentemente observada em ambientes abertos e floridos. As f\u00eameas s\u00e3o parasit\u00f3ides de larvas de escaravelhos, especialmente de esp\u00e9cies do solo, desempenhando um papel importante no controlo biol\u00f3gico natural. Est\u00e1 presente em v\u00e1rias regi\u00f5es de Portugal.<\/div><\/div><\/figcaption><\/figure><div class=\"fg-loader\"><\/div><\/div><div class=\"fg-item fg-type-image fg-idle\"><figure class=\"fg-item-inner\"><a href=\"https:\/\/momentosdenatureza.web.ua.pt\/wp-content\/uploads\/2025\/07\/Imgp2579.ok30x45-scaled.jpg\" data-caption-desc=\"&lt;h6 style=&quot;color: white;font-style: italic;font-size: 14px&quot;&gt;Calomera littorails&lt;\/h6&gt;\r\nTrata-se de uma esp\u00e9cie de besouro pertencente \u00e0 ordem Cole\u00f3ptera, fam\u00edlia Carabidae, e subfam\u00edlia Cicindelinae, popularmente conhecido como besouro-tigre. A natureza esconde predadores t\u00e3o habilidosos quanto qualquer animal de grande porte, e este inseto \u00e9 um exemplo fascinante disso. Pequeno no tamanho, mas gigante em agilidade, este inseto predador surpreende-nos com a sua incr\u00edvel velocidade, movimentos coordenados e precis\u00e3o letal na hora de capturar as suas presas.\" data-attachment-id=\"6355\" data-type=\"image\" class=\"fg-thumb\"><span class=\"fg-image-wrap\"><img decoding=\"async\" alt=\"Calomera littorails\" width=\"250\" height=\"167\" class=\"skip-lazy fg-image\" data-src-fg=\"https:\/\/momentosdenatureza.web.ua.pt\/wp-content\/uploads\/cache\/2025\/07\/Imgp2579_ok30x45-scaled\/1433019147.jpg\" src=\"data:image\/svg+xml,%3Csvg%20xmlns%3D%22http%3A%2F%2Fwww.w3.org%2F2000%2Fsvg%22%20width%3D%22250%22%20height%3D%22167%22%20viewBox%3D%220%200%20250%20167%22%3E%3C%2Fsvg%3E\" loading=\"eager\"><\/span><span class=\"fg-image-overlay\"><\/span><\/a><figcaption class=\"fg-caption\"><div class=\"fg-caption-inner\"><div class=\"fg-caption-desc\"><h6 style=\"color: white;font-style: italic;font-size: 14px\">Calomera littorails<\/h6>\r\nTrata-se de uma esp\u00e9cie de besouro pertencente \u00e0 ordem Cole\u00f3ptera, fam\u00edlia Carabidae, e subfam\u00edlia Cicindelinae, popularmente conhecido como besouro-tigre. A natureza esconde predadores t\u00e3o habilidosos quanto qualquer animal de grande porte, e este inseto \u00e9 um exemplo fascinante disso. Pequeno no tamanho, mas gigante em agilidade, este inseto predador surpreende-nos com a sua incr\u00edvel velocidade, movimentos coordenados e precis\u00e3o letal na hora de capturar as suas presas.<\/div><\/div><\/figcaption><\/figure><div class=\"fg-loader\"><\/div><\/div><div class=\"fg-item fg-type-image fg-idle\"><figure class=\"fg-item-inner\"><a href=\"https:\/\/momentosdenatureza.web.ua.pt\/wp-content\/uploads\/2025\/07\/IMGP2016.30x45-scaled.jpg\" data-caption-desc=\"&lt;h6 style=&quot;color: white;font-style: italic;font-size: 14px&quot;&gt;Empusa fasciata &lt;\/h6&gt;\r\n\u00c9 um inseto da ordem Mantodea, conhecido como louva-a-deus, com um corpo esguio e alongado e pode variar de cores, o que lhe permite camuflar-se eficazmente no ambiente natural, tal como acontece com este exemplar. Possui uma cabe\u00e7a triangular e altamente m\u00f3vel, com grandes olhos compostos que garantem excelente vis\u00e3o estereosc\u00f3pica, essencial para localizar e capturar presas. As patas dianteiras s\u00e3o raptoriais, com espinhos afiados que ajudam a agarrar e imobilizar outros insetos, sua principal fonte de alimento, desempenhando por isso um papel importante no controlo biol\u00f3gico de pragas. A sua apar\u00eancia ex\u00f3tica e comportamento predador fazem dele uma esp\u00e9cie fascinante tanto do ponto de vista ecol\u00f3gico como entomol\u00f3gico.\" data-attachment-id=\"6352\" data-type=\"image\" class=\"fg-thumb\"><span class=\"fg-image-wrap\"><img decoding=\"async\" alt=\"Empusa fasciata\" width=\"250\" height=\"377\" class=\"skip-lazy fg-image\" data-src-fg=\"https:\/\/momentosdenatureza.web.ua.pt\/wp-content\/uploads\/cache\/2025\/07\/IMGP2016_30x45-scaled\/3200138620.jpg\" src=\"data:image\/svg+xml,%3Csvg%20xmlns%3D%22http%3A%2F%2Fwww.w3.org%2F2000%2Fsvg%22%20width%3D%22250%22%20height%3D%22377%22%20viewBox%3D%220%200%20250%20377%22%3E%3C%2Fsvg%3E\" loading=\"eager\"><\/span><span class=\"fg-image-overlay\"><\/span><\/a><figcaption class=\"fg-caption\"><div class=\"fg-caption-inner\"><div class=\"fg-caption-desc\"><h6 style=\"color: white;font-style: italic;font-size: 14px\">Empusa fasciata <\/h6>\r\n\u00c9 um inseto da ordem Mantodea, conhecido como louva-a-deus, com um corpo esguio e alongado e pode variar de cores, o que lhe permite camuflar-se eficazmente no ambiente natural, tal como acontece com este exemplar. Possui uma cabe\u00e7a triangular e altamente m\u00f3vel, com grandes olhos compostos que garantem excelente vis\u00e3o estereosc\u00f3pica, essencial para localizar e capturar presas. As patas dianteiras s\u00e3o raptoriais, com espinhos afiados que ajudam a agarrar e imobilizar outros insetos, sua principal fonte de alimento, desempenhando por isso um papel importante no controlo biol\u00f3gico de pragas. A sua apar\u00eancia ex\u00f3tica e comportamento predador fazem dele uma esp\u00e9cie fascinante tanto do ponto de vista ecol\u00f3gico como entomol\u00f3gico.<\/div><\/div><\/figcaption><\/figure><div class=\"fg-loader\"><\/div><\/div><div class=\"fg-item fg-type-image fg-idle\"><figure class=\"fg-item-inner\"><a href=\"https:\/\/momentosdenatureza.web.ua.pt\/wp-content\/uploads\/2025\/07\/IMGP1709.30x45.2-scaled.jpg\" data-caption-desc=\"&lt;h6 style=&quot;color: white;font-style: italic;font-size: 14px&quot;&gt;O Gerris lacustris&lt;\/h6&gt;\r\n\u00c9 conhecido popularmente como alfaiate ou sapateiro. \u00c9 um inseto aqu\u00e1tico, facilmente reconhecido pela sua capacidade de se deslocar rapidamente \u00e0 superf\u00edcie da \u00e1gua gra\u00e7as \u00e0s suas patas longas e finas que distribuem o peso do corpo e evitam que afunde. o corpo \u00e9 estreito e alongado, e est\u00e1 coberto por uma camada hidrof\u00f3bica que impede a penetra\u00e7\u00e3o da \u00e1gua; alimenta-se de pequenos insetos que caem na \u00e1gua, que deteta atrav\u00e9s das vibra\u00e7\u00f5es transmitidas pela superf\u00edcie, funcionando como um predador eficiente nos ecossistemas de \u00e1gua doce; \u00e9 comum encontr\u00e1-lo em lagos, charcos, ribeiros de \u00e1guas calmas e at\u00e9 em tanques, onde se move com agilidade, parecendo \u201ccaminhar sobre a \u00e1gua\u201d, o que lhe vale os nomes populares associados \u00e0 leveza e eleg\u00e2ncia dos seus movimentos.\" data-attachment-id=\"6349\" data-type=\"image\" class=\"fg-thumb\"><span class=\"fg-image-wrap\"><img decoding=\"async\" alt=\"O Gerris lacustris\" width=\"250\" height=\"167\" class=\"skip-lazy fg-image\" data-src-fg=\"https:\/\/momentosdenatureza.web.ua.pt\/wp-content\/uploads\/cache\/2025\/07\/IMGP1709_30x45_2-scaled\/3327111262.jpg\" src=\"data:image\/svg+xml,%3Csvg%20xmlns%3D%22http%3A%2F%2Fwww.w3.org%2F2000%2Fsvg%22%20width%3D%22250%22%20height%3D%22167%22%20viewBox%3D%220%200%20250%20167%22%3E%3C%2Fsvg%3E\" loading=\"eager\"><\/span><span class=\"fg-image-overlay\"><\/span><\/a><figcaption class=\"fg-caption\"><div class=\"fg-caption-inner\"><div class=\"fg-caption-desc\"><h6 style=\"color: white;font-style: italic;font-size: 14px\">O Gerris lacustris<\/h6>\r\n\u00c9 conhecido popularmente como alfaiate ou sapateiro. \u00c9 um inseto aqu\u00e1tico, facilmente reconhecido pela sua capacidade de se deslocar rapidamente \u00e0 superf\u00edcie da \u00e1gua gra\u00e7as \u00e0s suas patas longas e finas que distribuem o peso do corpo e evitam que afunde. o corpo \u00e9 estreito e alongado, e est\u00e1 coberto por uma camada hidrof\u00f3bica que impede a penetra\u00e7\u00e3o da \u00e1gua; alimenta-se de pequenos insetos que caem na \u00e1gua, que deteta atrav\u00e9s das vibra\u00e7\u00f5es transmitidas pela superf\u00edcie, funcionando como um predador eficiente nos ecossistemas de \u00e1gua doce; \u00e9 comum encontr\u00e1-lo em lagos, charcos, ribeiros de \u00e1guas calmas e at\u00e9 em tanques, onde se move com agilidade, parecendo \u201ccaminhar sobre a \u00e1gua\u201d, o que lhe vale os nomes populares associados \u00e0 leveza e eleg\u00e2ncia dos seus movimentos.<\/div><\/div><\/figcaption><\/figure><div class=\"fg-loader\"><\/div><\/div><div class=\"fg-item fg-type-image fg-idle\"><figure class=\"fg-item-inner\"><a href=\"https:\/\/momentosdenatureza.web.ua.pt\/wp-content\/uploads\/2025\/07\/IMGP0009.30x45-scaled.jpg\" data-caption-desc=\"&lt;h6 style=&quot;color: white;font-style: italic;font-size: 14px&quot;&gt;Lucilia sericata (mosca varejeira) &lt;\/h6&gt;\r\n\u00c9 uma mosca da fam\u00edlia Calliphoridae, facilmente reconhecida pelo seu corpo met\u00e1lico de cor verde brilhante. Mede cerca de 10 mm e \u00e9 comum em ambientes urbanos e rurais, especialmente perto de mat\u00e9ria org\u00e2nica em decomposi\u00e7\u00e3o. Tem import\u00e2ncia ecol\u00f3gica na decomposi\u00e7\u00e3o de cad\u00e1veres e tamb\u00e9m \u00e9 usada na medicina em terapias com larvas para limpeza de feridas. Apesar disso, pode transmitir doen\u00e7as ao pousar em alimentos contaminados.\" data-attachment-id=\"6346\" data-type=\"image\" class=\"fg-thumb\"><span class=\"fg-image-wrap\"><img decoding=\"async\" alt=\"Lucilia sericata (mosca varejeira)\" width=\"250\" height=\"167\" class=\"skip-lazy fg-image\" data-src-fg=\"https:\/\/momentosdenatureza.web.ua.pt\/wp-content\/uploads\/cache\/2025\/07\/IMGP0009_30x45-scaled\/4158027279.jpg\" src=\"data:image\/svg+xml,%3Csvg%20xmlns%3D%22http%3A%2F%2Fwww.w3.org%2F2000%2Fsvg%22%20width%3D%22250%22%20height%3D%22167%22%20viewBox%3D%220%200%20250%20167%22%3E%3C%2Fsvg%3E\" loading=\"eager\"><\/span><span class=\"fg-image-overlay\"><\/span><\/a><figcaption class=\"fg-caption\"><div class=\"fg-caption-inner\"><div class=\"fg-caption-desc\"><h6 style=\"color: white;font-style: italic;font-size: 14px\">Lucilia sericata (mosca varejeira) <\/h6>\r\n\u00c9 uma mosca da fam\u00edlia Calliphoridae, facilmente reconhecida pelo seu corpo met\u00e1lico de cor verde brilhante. Mede cerca de 10 mm e \u00e9 comum em ambientes urbanos e rurais, especialmente perto de mat\u00e9ria org\u00e2nica em decomposi\u00e7\u00e3o. Tem import\u00e2ncia ecol\u00f3gica na decomposi\u00e7\u00e3o de cad\u00e1veres e tamb\u00e9m \u00e9 usada na medicina em terapias com larvas para limpeza de feridas. Apesar disso, pode transmitir doen\u00e7as ao pousar em alimentos contaminados.<\/div><\/div><\/figcaption><\/figure><div class=\"fg-loader\"><\/div><\/div><div class=\"fg-item fg-type-image fg-idle\"><figure class=\"fg-item-inner\"><a href=\"https:\/\/momentosdenatureza.web.ua.pt\/wp-content\/uploads\/2025\/07\/IMGP9853.30x45-scaled-e1751919671357.jpg\" data-caption-desc=\"&lt;h6 style=&quot;color: white;font-style: italic;font-size: 14px&quot;&gt;Thymelicus lineola&lt;\/h6&gt;\n\u00c9 uma pequena borboleta da fam\u00edlia Hesperiidae, conhecida pelo seu voo r\u00e1pido e err\u00e1tico, e pela apar\u00eancia compacta e robusta. Apesar de sua dimens\u00e3o modesta, esta esp\u00e9cie revela uma s\u00e9rie de adapta\u00e7\u00f5es ecol\u00f3gicas e comportamentais que a tornam uma presen\u00e7a marcante nos prados e margens de florestas da Europa. Desempenha um papel importante como polinizadora e como parte da cadeia alimentar, servindo de alimento para aves, aranhas e insetos predadores. Al\u00e9m disso, \u00e9 um indicador de qualidade ambiental, pois a sua presen\u00e7a est\u00e1 associada a ecossistemas herb\u00e1ceos bem conservados.\" data-attachment-id=\"6343\" data-type=\"image\" class=\"fg-thumb\"><span class=\"fg-image-wrap\"><img decoding=\"async\" alt=\"Thymelicus lineola\" width=\"250\" height=\"374\" class=\"skip-lazy fg-image\" data-src-fg=\"https:\/\/momentosdenatureza.web.ua.pt\/wp-content\/uploads\/cache\/2025\/07\/IMGP9853_30x45-scaled-e1751919671357\/1732442316.jpg\" src=\"data:image\/svg+xml,%3Csvg%20xmlns%3D%22http%3A%2F%2Fwww.w3.org%2F2000%2Fsvg%22%20width%3D%22250%22%20height%3D%22374%22%20viewBox%3D%220%200%20250%20374%22%3E%3C%2Fsvg%3E\" loading=\"eager\"><\/span><span class=\"fg-image-overlay\"><\/span><\/a><figcaption class=\"fg-caption\"><div class=\"fg-caption-inner\"><div class=\"fg-caption-desc\"><h6 style=\"color: white;font-style: italic;font-size: 14px\">Thymelicus lineola<\/h6>\n\u00c9 uma pequena borboleta da fam\u00edlia Hesperiidae, conhecida pelo seu voo r\u00e1pido e err\u00e1tico, e pela apar\u00eancia compacta e robusta. Apesar de sua dimens\u00e3o modesta, esta esp\u00e9cie revela uma s\u00e9rie de adapta\u00e7\u00f5es ecol\u00f3gicas e comportamentais que a tornam uma presen\u00e7a marcante nos prados e margens de florestas da Europa. Desempenha um papel importante como polinizadora e como parte da cadeia alimentar, servindo de alimento para aves, aranhas e insetos predadores. Al\u00e9m disso, \u00e9 um indicador de qualidade ambiental, pois a sua presen\u00e7a est\u00e1 associada a ecossistemas herb\u00e1ceos bem conservados.<\/div><\/div><\/figcaption><\/figure><div class=\"fg-loader\"><\/div><\/div><div class=\"fg-item fg-type-image fg-idle\"><figure class=\"fg-item-inner\"><a href=\"https:\/\/momentosdenatureza.web.ua.pt\/wp-content\/uploads\/2025\/06\/DSC0017-Editar-scaled.jpg\" data-caption-title=\"Ra\u00edzes na Terra, sonhos no c\u00e9u.\" data-caption-desc=\"a \u00e1rvore parece tocar o c\u00e9u com a sua eleg\u00e2ncia natural\n&lt;br \/&gt; &lt;em&gt;dupla exposi\u00e7\u00e3o&lt;\/em&gt;&lt;br \/&gt;&lt;br \/&gt;\nCarvalhal de Vermilhas - Caramulo - dez 2016&lt;br \/&gt;\nISO 200 1\/60s f\/5.0 16mm&lt;br \/&gt;\nNikon D600 - Tamron 16-26 f\/2.8&lt;br \/&gt;\nTrip\u00e9\" data-attachment-id=\"6070\" data-type=\"image\" class=\"fg-thumb\"><span class=\"fg-image-wrap\"><img decoding=\"async\" alt=\"Ra\u00edzes na Terra, sonhos no c\u00e9u.\" title=\"Ra\u00edzes na Terra, sonhos no c\u00e9u.\" width=\"250\" height=\"167\" class=\"skip-lazy fg-image\" data-src-fg=\"https:\/\/momentosdenatureza.web.ua.pt\/wp-content\/uploads\/cache\/2025\/06\/DSC0017-Editar-scaled\/3909093814.jpg\" src=\"data:image\/svg+xml,%3Csvg%20xmlns%3D%22http%3A%2F%2Fwww.w3.org%2F2000%2Fsvg%22%20width%3D%22250%22%20height%3D%22167%22%20viewBox%3D%220%200%20250%20167%22%3E%3C%2Fsvg%3E\" loading=\"eager\"><\/span><span class=\"fg-image-overlay\"><\/span><\/a><figcaption class=\"fg-caption\"><div class=\"fg-caption-inner\"><div class=\"fg-caption-title\">Ra\u00edzes na Terra, sonhos no c\u00e9u.<\/div><div class=\"fg-caption-desc\">a \u00e1rvore parece tocar o c\u00e9u com a sua eleg\u00e2ncia natural\n<br \/> <em>dupla exposi\u00e7\u00e3o<\/em><br \/><br \/>\nCarvalhal de Vermilhas - Caramulo - dez 2016<br \/>\nISO 200 1\/60s f\/5.0 16mm<br \/>\nNikon D600 - Tamron 16-26 f\/2.8<br \/>\nTrip\u00e9<\/div><\/div><\/figcaption><\/figure><div class=\"fg-loader\"><\/div><\/div><div class=\"fg-item fg-type-image fg-idle\"><figure class=\"fg-item-inner\"><a href=\"https:\/\/momentosdenatureza.web.ua.pt\/wp-content\/uploads\/2025\/06\/camuflagem01-scaled.jpg\" data-caption-title=\"Olhos atentos revelam aquilo que a floresta esconde.\" data-caption-desc=\"o invis\u00edvel que est\u00e1 mesmo \u00e0 frente dos nossos olhos&lt;br \/&gt;\ncamuflagem&lt;br \/&gt;&lt;br \/&gt;\nCIGARRA&lt;br \/&gt;\nSerra da Boa Viagem - jul 2016&lt;br \/&gt;\nLIBELINHA&lt;br \/&gt;\nISO 400 1\/160s f\/16 105mm&lt;br \/&gt;\nVouzela&lt;br \/&gt;\nISO 250 - 0,8s -  f\/16 - 105mm&lt;br \/&gt;\nNikon D600 - SIGMA 106mm f\/2.8\" data-attachment-id=\"6067\" data-type=\"image\" class=\"fg-thumb\"><span class=\"fg-image-wrap\"><img decoding=\"async\" alt=\"Olhos atentos revelam aquilo que a floresta esconde.\" title=\"Olhos atentos revelam aquilo que a floresta esconde.\" width=\"250\" height=\"177\" class=\"skip-lazy fg-image\" data-src-fg=\"https:\/\/momentosdenatureza.web.ua.pt\/wp-content\/uploads\/cache\/2025\/06\/camuflagem01-scaled\/4172928173.jpg\" src=\"data:image\/svg+xml,%3Csvg%20xmlns%3D%22http%3A%2F%2Fwww.w3.org%2F2000%2Fsvg%22%20width%3D%22250%22%20height%3D%22177%22%20viewBox%3D%220%200%20250%20177%22%3E%3C%2Fsvg%3E\" loading=\"eager\"><\/span><span class=\"fg-image-overlay\"><\/span><\/a><figcaption class=\"fg-caption\"><div class=\"fg-caption-inner\"><div class=\"fg-caption-title\">Olhos atentos revelam aquilo que a floresta esconde.<\/div><div class=\"fg-caption-desc\">o invis\u00edvel que est\u00e1 mesmo \u00e0 frente dos nossos olhos<br \/>\ncamuflagem<br \/><br \/>\nCIGARRA<br \/>\nSerra da Boa Viagem - jul 2016<br \/>\nLIBELINHA<br \/>\nISO 400 1\/160s f\/16 105mm<br \/>\nVouzela<br \/>\nISO 250 - 0,8s -  f\/16 - 105mm<br \/>\nNikon D600 - SIGMA 106mm f\/2.8<\/div><\/div><\/figcaption><\/figure><div class=\"fg-loader\"><\/div><\/div><div class=\"fg-item fg-type-image fg-idle\"><figure class=\"fg-item-inner\"><a href=\"https:\/\/momentosdenatureza.web.ua.pt\/wp-content\/uploads\/2025\/06\/600_1514-scaled.jpg\" data-caption-title=\"A natureza respira devagar entre luz e relevo.\" data-caption-desc=\"uma cena quase cinematogr\u00e1fica de quietude e contempla\u00e7\u00e3o&lt;br \/&gt;\n&lt;br \/&gt;\nPortal do Inferno, Serra da Arada, Covas do Rio, S. Pedro do Sul - out 2018&lt;br \/&gt;\nISO 100 - 1\/20s - f\/13 - 105mm&lt;br \/&gt;\nNikon D600 - SIGMA 105mm\/2.8\" data-attachment-id=\"6064\" data-type=\"image\" class=\"fg-thumb\"><span class=\"fg-image-wrap\"><img decoding=\"async\" alt=\"A natureza respira devagar entre luz e relevo.\" title=\"A natureza respira devagar entre luz e relevo.\" width=\"250\" height=\"167\" class=\"skip-lazy fg-image\" data-src-fg=\"https:\/\/momentosdenatureza.web.ua.pt\/wp-content\/uploads\/cache\/2025\/06\/600_1514-scaled\/1642048973.jpg\" src=\"data:image\/svg+xml,%3Csvg%20xmlns%3D%22http%3A%2F%2Fwww.w3.org%2F2000%2Fsvg%22%20width%3D%22250%22%20height%3D%22167%22%20viewBox%3D%220%200%20250%20167%22%3E%3C%2Fsvg%3E\" loading=\"eager\"><\/span><span class=\"fg-image-overlay\"><\/span><\/a><figcaption class=\"fg-caption\"><div class=\"fg-caption-inner\"><div class=\"fg-caption-title\">A natureza respira devagar entre luz e relevo.<\/div><div class=\"fg-caption-desc\">uma cena quase cinematogr\u00e1fica de quietude e contempla\u00e7\u00e3o<br \/>\n<br \/>\nPortal do Inferno, Serra da Arada, Covas do Rio, S. Pedro do Sul - out 2018<br \/>\nISO 100 - 1\/20s - f\/13 - 105mm<br \/>\nNikon D600 - SIGMA 105mm\/2.8<\/div><\/div><\/figcaption><\/figure><div class=\"fg-loader\"><\/div><\/div><div class=\"fg-item fg-type-image fg-idle\"><figure class=\"fg-item-inner\"><a href=\"https:\/\/momentosdenatureza.web.ua.pt\/wp-content\/uploads\/2025\/06\/TVZ9060-Editar-scaled.jpg\" data-caption-title=\"Caminho solit\u00e1rio entre os \u00faltimos sussurros do outono e a promessa do inverno.\" data-caption-desc=\"a figura solit\u00e1ria que caminha entre \u00e1rvores despidas, parece quase surgir de um sonho de inverno&lt;br \/&gt;&lt;br \/&gt;\r\nLas M\u00e9dulas, Le\u00f3n, Espanha - mar 2024&lt;br \/&gt;\r\nISO 180 - 1\/250s f\/5.6 16mm&lt;br \/&gt;\r\nNikon Z7 - NIKKOR Z 16.50mm f\/3.5-6.3\" data-attachment-id=\"6061\" data-type=\"image\" class=\"fg-thumb\"><span class=\"fg-image-wrap\"><img decoding=\"async\" alt=\"Caminho solit\u00e1rio entre os \u00faltimos sussurros do outono e a promessa do inverno.\" title=\"Caminho solit\u00e1rio entre os \u00faltimos sussurros do outono e a promessa do inverno.\" width=\"250\" height=\"376\" class=\"skip-lazy fg-image\" data-src-fg=\"https:\/\/momentosdenatureza.web.ua.pt\/wp-content\/uploads\/cache\/2025\/06\/TVZ9060-Editar-scaled\/886992722.jpg\" src=\"data:image\/svg+xml,%3Csvg%20xmlns%3D%22http%3A%2F%2Fwww.w3.org%2F2000%2Fsvg%22%20width%3D%22250%22%20height%3D%22376%22%20viewBox%3D%220%200%20250%20376%22%3E%3C%2Fsvg%3E\" loading=\"eager\"><\/span><span class=\"fg-image-overlay\"><\/span><\/a><figcaption class=\"fg-caption\"><div class=\"fg-caption-inner\"><div class=\"fg-caption-title\">Caminho solit\u00e1rio entre os \u00faltimos sussurros do outono e a promessa do inverno.<\/div><div class=\"fg-caption-desc\">a figura solit\u00e1ria que caminha entre \u00e1rvores despidas, parece quase surgir de um sonho de inverno<br \/><br \/>\r\nLas M\u00e9dulas, Le\u00f3n, Espanha - mar 2024<br \/>\r\nISO 180 - 1\/250s f\/5.6 16mm<br \/>\r\nNikon Z7 - NIKKOR Z 16.50mm f\/3.5-6.3<\/div><\/div><\/figcaption><\/figure><div class=\"fg-loader\"><\/div><\/div><div class=\"fg-item fg-type-image fg-idle\"><figure class=\"fg-item-inner\"><a href=\"https:\/\/momentosdenatureza.web.ua.pt\/wp-content\/uploads\/2025\/06\/TVZ4021-2-scaled.jpg\" data-caption-title=\"Dupla vis\u00e3o do sossego: a \u00e1rvore e o seu eco de luz.\" data-caption-desc=\"uma harmonia entre o c\u00e9u tranquilo, a \u00e1rvore solit\u00e1ria e os tons suaves da paisagem envolvente&lt;br \/&gt;\r\n&lt;br \/&gt;&lt;em&gt;dupla exposi\u00e7\u00e3o&lt;\/em&gt;&lt;br \/&gt;\r\nRibeira de fr\u00e1guas, Albergaria-a-velha, jun 2025&lt;br \/&gt;\r\nISO 125 - 1\/8s f\/6.3 31mm&lt;br \/&gt;\r\nNikon Z7 - NIKKOR Z 24-70 f\/4&lt;br \/&gt;\r\nTrip\u00e9\" data-attachment-id=\"6058\" data-type=\"image\" class=\"fg-thumb\"><span class=\"fg-image-wrap\"><img decoding=\"async\" alt=\"Dupla vis\u00e3o do sossego: a \u00e1rvore e o seu eco de luz.\" title=\"Dupla vis\u00e3o do sossego: a \u00e1rvore e o seu eco de luz.\" width=\"250\" height=\"375\" class=\"skip-lazy fg-image\" data-src-fg=\"https:\/\/momentosdenatureza.web.ua.pt\/wp-content\/uploads\/cache\/2025\/06\/TVZ4021-2-scaled\/466801034.jpg\" src=\"data:image\/svg+xml,%3Csvg%20xmlns%3D%22http%3A%2F%2Fwww.w3.org%2F2000%2Fsvg%22%20width%3D%22250%22%20height%3D%22375%22%20viewBox%3D%220%200%20250%20375%22%3E%3C%2Fsvg%3E\" loading=\"eager\"><\/span><span class=\"fg-image-overlay\"><\/span><\/a><figcaption class=\"fg-caption\"><div class=\"fg-caption-inner\"><div class=\"fg-caption-title\">Dupla vis\u00e3o do sossego: a \u00e1rvore e o seu eco de luz.<\/div><div class=\"fg-caption-desc\">uma harmonia entre o c\u00e9u tranquilo, a \u00e1rvore solit\u00e1ria e os tons suaves da paisagem envolvente<br \/>\r\n<br \/><em>dupla exposi\u00e7\u00e3o<\/em><br \/>\r\nRibeira de fr\u00e1guas, Albergaria-a-velha, jun 2025<br \/>\r\nISO 125 - 1\/8s f\/6.3 31mm<br \/>\r\nNikon Z7 - NIKKOR Z 24-70 f\/4<br \/>\r\nTrip\u00e9<\/div><\/div><\/figcaption><\/figure><div class=\"fg-loader\"><\/div><\/div><div class=\"fg-item fg-type-image fg-idle\"><figure class=\"fg-item-inner\"><a href=\"https:\/\/momentosdenatureza.web.ua.pt\/wp-content\/uploads\/2025\/06\/TVZ2575-scaled.jpg\" data-caption-title=\"Ramos despidos contam segredos ao musgo que sobe devagar.\" data-caption-desc=\"outono com um tom melanc\u00f3lico e po\u00e9tico muito subtil&lt;br \/&gt;&lt;br \/&gt;\r\nEcovia do Vez - jan 2025&lt;br \/&gt;\r\nISO 250 1\/250s - f\/4.5 - 27.5mm&lt;br \/&gt;\r\nNikon Z 7 - NIKKOR Z 15-50 f\/3.5-6.3\" data-attachment-id=\"6055\" data-type=\"image\" class=\"fg-thumb\"><span class=\"fg-image-wrap\"><img decoding=\"async\" alt=\"Ramos despidos contam segredos ao musgo que sobe devagar.\" title=\"Ramos despidos contam segredos ao musgo que sobe devagar.\" width=\"250\" height=\"166\" class=\"skip-lazy fg-image\" data-src-fg=\"https:\/\/momentosdenatureza.web.ua.pt\/wp-content\/uploads\/cache\/2025\/06\/TVZ2575-scaled\/1212291820.jpg\" src=\"data:image\/svg+xml,%3Csvg%20xmlns%3D%22http%3A%2F%2Fwww.w3.org%2F2000%2Fsvg%22%20width%3D%22250%22%20height%3D%22166%22%20viewBox%3D%220%200%20250%20166%22%3E%3C%2Fsvg%3E\" loading=\"eager\"><\/span><span class=\"fg-image-overlay\"><\/span><\/a><figcaption class=\"fg-caption\"><div class=\"fg-caption-inner\"><div class=\"fg-caption-title\">Ramos despidos contam segredos ao musgo que sobe devagar.<\/div><div class=\"fg-caption-desc\">outono com um tom melanc\u00f3lico e po\u00e9tico muito subtil<br \/><br \/>\r\nEcovia do Vez - jan 2025<br \/>\r\nISO 250 1\/250s - f\/4.5 - 27.5mm<br \/>\r\nNikon Z 7 - NIKKOR Z 15-50 f\/3.5-6.3<\/div><\/div><\/figcaption><\/figure><div class=\"fg-loader\"><\/div><\/div><div class=\"fg-item fg-type-image fg-idle\"><figure class=\"fg-item-inner\"><a href=\"https:\/\/momentosdenatureza.web.ua.pt\/wp-content\/uploads\/2025\/06\/TVZ1920-scaled.jpg\" data-caption-title=\"Onde o tempo repousa \u00e0 sombra das folhas.\" data-caption-desc=\"\u00e1rvore envolta numa luz suave que parece conter um instante de eternidade\r\n&lt;br \/&gt;&lt;em&gt;dupla exposi\u00e7\u00e3o&lt;\/em&gt;&lt;br \/&gt;&lt;br \/&gt;\r\nRibeira de Carrazedo, Sever do Vouga - nov 2024&lt;br \/&gt;\r\nISO 100 - 1\/50s - f\/4.5 33mm&lt;br \/&gt;\r\nNikon Z - NIKKOR Z 24-70 f\/4&lt;br \/&gt;\r\nTrip\u00e9\" data-attachment-id=\"6052\" data-type=\"image\" class=\"fg-thumb\"><span class=\"fg-image-wrap\"><img decoding=\"async\" alt=\"Onde o tempo repousa \u00e0 sombra das folhas.\" title=\"Onde o tempo repousa \u00e0 sombra das folhas.\" width=\"250\" height=\"167\" class=\"skip-lazy fg-image\" data-src-fg=\"https:\/\/momentosdenatureza.web.ua.pt\/wp-content\/uploads\/cache\/2025\/06\/TVZ1920-scaled\/3890686483.jpg\" src=\"data:image\/svg+xml,%3Csvg%20xmlns%3D%22http%3A%2F%2Fwww.w3.org%2F2000%2Fsvg%22%20width%3D%22250%22%20height%3D%22167%22%20viewBox%3D%220%200%20250%20167%22%3E%3C%2Fsvg%3E\" loading=\"eager\"><\/span><span class=\"fg-image-overlay\"><\/span><\/a><figcaption class=\"fg-caption\"><div class=\"fg-caption-inner\"><div class=\"fg-caption-title\">Onde o tempo repousa \u00e0 sombra das folhas.<\/div><div class=\"fg-caption-desc\">\u00e1rvore envolta numa luz suave que parece conter um instante de eternidade\r\n<br \/><em>dupla exposi\u00e7\u00e3o<\/em><br \/><br \/>\r\nRibeira de Carrazedo, Sever do Vouga - nov 2024<br \/>\r\nISO 100 - 1\/50s - f\/4.5 33mm<br \/>\r\nNikon Z - NIKKOR Z 24-70 f\/4<br \/>\r\nTrip\u00e9<\/div><\/div><\/figcaption><\/figure><div class=\"fg-loader\"><\/div><\/div><div class=\"fg-item fg-type-image fg-idle\"><figure class=\"fg-item-inner\"><a href=\"https:\/\/momentosdenatureza.web.ua.pt\/wp-content\/uploads\/2025\/06\/TVZ0796-scaled.jpg\" data-caption-title=\"Por entre muros de musgo, o tempo caminha devagar.\" data-caption-desc=\"onde o caminho molhado serpenteia por entre muros e verdejantes sil\u00eancios&lt;br \/&gt;&lt;br \/&gt;\r\nPR1 - Meandros do C\u00f4a, Sabugal - abr 2024&lt;br \/&gt;\r\nISO 200 - 1\/40s - f\/11 - 105mm&lt;br \/&gt;\r\nNikon Z - NIKKOR Z MC 105mm f\/2.8\" data-attachment-id=\"6049\" data-type=\"image\" class=\"fg-thumb\"><span class=\"fg-image-wrap\"><img decoding=\"async\" alt=\"Por entre muros de musgo, o tempo caminha devagar.\" title=\"Por entre muros de musgo, o tempo caminha devagar.\" width=\"250\" height=\"167\" class=\"skip-lazy fg-image\" data-src-fg=\"https:\/\/momentosdenatureza.web.ua.pt\/wp-content\/uploads\/cache\/2025\/06\/TVZ0796-scaled\/1738217528.jpg\" src=\"data:image\/svg+xml,%3Csvg%20xmlns%3D%22http%3A%2F%2Fwww.w3.org%2F2000%2Fsvg%22%20width%3D%22250%22%20height%3D%22167%22%20viewBox%3D%220%200%20250%20167%22%3E%3C%2Fsvg%3E\" loading=\"eager\"><\/span><span class=\"fg-image-overlay\"><\/span><\/a><figcaption class=\"fg-caption\"><div class=\"fg-caption-inner\"><div class=\"fg-caption-title\">Por entre muros de musgo, o tempo caminha devagar.<\/div><div class=\"fg-caption-desc\">onde o caminho molhado serpenteia por entre muros e verdejantes sil\u00eancios<br \/><br \/>\r\nPR1 - Meandros do C\u00f4a, Sabugal - abr 2024<br \/>\r\nISO 200 - 1\/40s - f\/11 - 105mm<br \/>\r\nNikon Z - NIKKOR Z MC 105mm f\/2.8<\/div><\/div><\/figcaption><\/figure><div class=\"fg-loader\"><\/div><\/div><div class=\"fg-item fg-type-image fg-idle\"><figure class=\"fg-item-inner\"><a href=\"https:\/\/momentosdenatureza.web.ua.pt\/wp-content\/uploads\/2025\/06\/DSC8314-scaled.jpg\" data-caption-title=\"Floresta adormecida sob v\u00e9us de ouro.\" data-caption-desc=\"onde a luz e o caminho se entrela\u00e7am com a quietude da floresta\r\n&lt;br \/&gt;&lt;em&gt;dupla exposi\u00e7\u00e3o&lt;\/em&gt;&lt;br \/&gt;&lt;br \/&gt;\r\nPenoita - Vouzela - jan 2016&lt;br \/&gt;\r\nISO 100 - 1\/60s f\/8 105mm&lt;br \/&gt;\r\nNikon D600 - Sigma 105 mm&lt;br \/&gt;\r\nTrip\u00e9\" data-attachment-id=\"6046\" data-type=\"image\" class=\"fg-thumb\"><span class=\"fg-image-wrap\"><img decoding=\"async\" alt=\"Floresta adormecida sob v\u00e9us de ouro.\" title=\"Floresta adormecida sob v\u00e9us de ouro.\" width=\"250\" height=\"167\" class=\"skip-lazy fg-image\" data-src-fg=\"https:\/\/momentosdenatureza.web.ua.pt\/wp-content\/uploads\/cache\/2025\/06\/DSC8314-scaled\/612577919.jpg\" src=\"data:image\/svg+xml,%3Csvg%20xmlns%3D%22http%3A%2F%2Fwww.w3.org%2F2000%2Fsvg%22%20width%3D%22250%22%20height%3D%22167%22%20viewBox%3D%220%200%20250%20167%22%3E%3C%2Fsvg%3E\" loading=\"eager\"><\/span><span class=\"fg-image-overlay\"><\/span><\/a><figcaption class=\"fg-caption\"><div class=\"fg-caption-inner\"><div class=\"fg-caption-title\">Floresta adormecida sob v\u00e9us de ouro.<\/div><div class=\"fg-caption-desc\">onde a luz e o caminho se entrela\u00e7am com a quietude da floresta\r\n<br \/><em>dupla exposi\u00e7\u00e3o<\/em><br \/><br \/>\r\nPenoita - Vouzela - jan 2016<br \/>\r\nISO 100 - 1\/60s f\/8 105mm<br \/>\r\nNikon D600 - Sigma 105 mm<br \/>\r\nTrip\u00e9<\/div><\/div><\/figcaption><\/figure><div class=\"fg-loader\"><\/div><\/div><div class=\"fg-item fg-type-image fg-idle\"><figure class=\"fg-item-inner\"><a href=\"https:\/\/momentosdenatureza.web.ua.pt\/wp-content\/uploads\/2025\/06\/DSC8300-scaled.jpg\" data-caption-title=\"Onde o sol se perde em sombras verdes.\" data-caption-desc=\"t\u00e3o envolvente e cheia de atmosfera &lt;br \/&gt;&lt;em&gt;dupla exposi\u00e7\u00e3o&lt;\/em&gt;&lt;br \/&gt;&lt;br \/&gt;\nPenoita, Vouzela - dez 2015&lt;br \/&gt;\nISO 160 - 1\/15s - f\/8.0 - 105mm&lt;br \/&gt;\nNikon D600 - SIGMA 106mm f\/2.8&lt;br \/&gt;\nTrip\u00e9\" data-attachment-id=\"6043\" data-type=\"image\" class=\"fg-thumb\"><span class=\"fg-image-wrap\"><img decoding=\"async\" alt=\"Onde o sol se perde em sombras verdes.\" title=\"Onde o sol se perde em sombras verdes.\" width=\"250\" height=\"167\" class=\"skip-lazy fg-image\" data-src-fg=\"https:\/\/momentosdenatureza.web.ua.pt\/wp-content\/uploads\/cache\/2025\/06\/DSC8300-scaled\/805396903.jpg\" src=\"data:image\/svg+xml,%3Csvg%20xmlns%3D%22http%3A%2F%2Fwww.w3.org%2F2000%2Fsvg%22%20width%3D%22250%22%20height%3D%22167%22%20viewBox%3D%220%200%20250%20167%22%3E%3C%2Fsvg%3E\" loading=\"eager\"><\/span><span class=\"fg-image-overlay\"><\/span><\/a><figcaption class=\"fg-caption\"><div class=\"fg-caption-inner\"><div class=\"fg-caption-title\">Onde o sol se perde em sombras verdes.<\/div><div class=\"fg-caption-desc\">t\u00e3o envolvente e cheia de atmosfera <br \/><em>dupla exposi\u00e7\u00e3o<\/em><br \/><br \/>\nPenoita, Vouzela - dez 2015<br \/>\nISO 160 - 1\/15s - f\/8.0 - 105mm<br \/>\nNikon D600 - SIGMA 106mm f\/2.8<br \/>\nTrip\u00e9<\/div><\/div><\/figcaption><\/figure><div class=\"fg-loader\"><\/div><\/div><\/div>\n<p>&nbsp;<\/p>\n<hr \/>\n<p><img decoding=\"async\" class=\"size-medium wp-image-1771\" src=\"https:\/\/momentosdenatureza.web.ua.pt\/wp-content\/uploads\/2025\/07\/com o apoio de 2025.png\" alt=\"\" \/><\/p>\n","protected":false},"excerpt":{"rendered":"<p>Exposi\u00e7\u00e3o coletiva MOMENTOS DE NATUREZA &#8211; ESTGA &#8211; 2026 Olhares Diferentes A Mesma Paix\u00e3o Pela Natureza data: de 09 fevereiro a 31 de mar\u00e7o de [&#8230;]<\/p>\n","protected":false},"author":3,"featured_media":0,"parent":0,"menu_order":0,"comment_status":"closed","ping_status":"closed","template":"","meta":{"footnotes":""},"class_list":["post-6740","page","type-page","status-publish","hentry"],"post_mailing_queue_ids":[],"_links":{"self":[{"href":"https:\/\/momentosdenatureza.web.ua.pt\/index.php\/wp-json\/wp\/v2\/pages\/6740","targetHints":{"allow":["GET"]}}],"collection":[{"href":"https:\/\/momentosdenatureza.web.ua.pt\/index.php\/wp-json\/wp\/v2\/pages"}],"about":[{"href":"https:\/\/momentosdenatureza.web.ua.pt\/index.php\/wp-json\/wp\/v2\/types\/page"}],"author":[{"embeddable":true,"href":"https:\/\/momentosdenatureza.web.ua.pt\/index.php\/wp-json\/wp\/v2\/users\/3"}],"replies":[{"embeddable":true,"href":"https:\/\/momentosdenatureza.web.ua.pt\/index.php\/wp-json\/wp\/v2\/comments?post=6740"}],"version-history":[{"count":2,"href":"https:\/\/momentosdenatureza.web.ua.pt\/index.php\/wp-json\/wp\/v2\/pages\/6740\/revisions"}],"predecessor-version":[{"id":6752,"href":"https:\/\/momentosdenatureza.web.ua.pt\/index.php\/wp-json\/wp\/v2\/pages\/6740\/revisions\/6752"}],"wp:attachment":[{"href":"https:\/\/momentosdenatureza.web.ua.pt\/index.php\/wp-json\/wp\/v2\/media?parent=6740"}],"curies":[{"name":"wp","href":"https:\/\/api.w.org\/{rel}","templated":true}]}}