{"id":986,"date":"2018-04-12T17:00:58","date_gmt":"2018-04-12T17:00:58","guid":{"rendered":"http:\/\/momentosdenatureza.web.ua.pt\/?page_id=986"},"modified":"2018-06-09T12:38:28","modified_gmt":"2018-06-09T12:38:28","slug":"lisia-lopes","status":"publish","type":"page","link":"https:\/\/momentosdenatureza.web.ua.pt\/index.php\/lisia-lopes\/","title":{"rendered":"L\u00edsia Lopes"},"content":{"rendered":"<p>&nbsp;<\/p>\n<p><img loading=\"lazy\" decoding=\"async\" class=\"alignnone size-medium wp-image-1010\" src=\"http:\/\/momentosdenatureza.web.ua.pt\/wp-content\/uploads\/2018\/04\/MG_5180-200x300.jpg\" alt=\"\" width=\"200\" height=\"300\" srcset=\"https:\/\/momentosdenatureza.web.ua.pt\/wp-content\/uploads\/2018\/04\/MG_5180-200x300.jpg 200w, https:\/\/momentosdenatureza.web.ua.pt\/wp-content\/uploads\/2018\/04\/MG_5180-768x1152.jpg 768w, https:\/\/momentosdenatureza.web.ua.pt\/wp-content\/uploads\/2018\/04\/MG_5180-682x1024.jpg 682w, https:\/\/momentosdenatureza.web.ua.pt\/wp-content\/uploads\/2018\/04\/MG_5180-180x270.jpg 180w, https:\/\/momentosdenatureza.web.ua.pt\/wp-content\/uploads\/2018\/04\/MG_5180.jpg 787w\" sizes=\"auto, (max-width: 200px) 100vw, 200px\" \/><\/p>\n<p>Licenciada em Biologia e Mestre em Biologia Aplicada, ramo Ecologia, Biodiversidade e Gest\u00e3o de Ecossistemas pela Universidade de Aveiro (UA), \u00e9 atualmente T\u00e9cnica Superior do Departamento de Biologia desta universidade. <\/p>\n<p>Fot\u00f3grafa de Natureza, tem realizado in\u00fameras exposi\u00e7\u00f5es fotogr\u00e1ficas sobre a flora de diferentes habitats, incentivando o conhecimento e a conserva\u00e7\u00e3o da biodiversidade. <\/p>\n<p><b>\u201cFloresta Portuguesa. Um olhar mais atento\u201d<\/b> e <b>\u201cFlora Singular das Dunas e do Sapal\u201d<\/b>, s\u00e3o duas exposi\u00e7\u00f5es que t\u00eam percorrido in\u00fameras escolas, de norte a sul do pa\u00eds.<br \/> \u00c9 autora\/co-autora de v\u00e1rios livros e guias de flora e tem participado em projetos nas \u00e1reas da Bot\u00e2nica, Taxonomia de Plantas Vasculares, Conserva\u00e7\u00e3o da Natureza, Ecologia e Educa\u00e7\u00e3o Ambiental, assim como em projetos de Divulga\u00e7\u00e3o e Comunica\u00e7\u00e3o Cient\u00edfica.<\/p>\n<p><b><em>\u201cFotografar a Natureza e em particular as plantas e os seus habitats tem sido, ao longo dos anos, mais do que trabalho, uma paix\u00e3o! Um fasc\u00ednio crescente pelo mundo vegetal! \u00c9 sempre um prazer estar em contacto com a Natureza que nos oferece uma (bio)diversidade de cores e formas! Um est\u00edmulo para qualquer fot\u00f3grafo! <br \/>\nAl\u00e9m do conhecimento cient\u00edfico, espero que os meus registos despertem a curiosidade e a vontade de ir, olhar, sentir e admirar, para que possamos todos respeitar, proteger e valorizar o nosso Patrim\u00f3nio Natural.\u201d\n<\/p>\n<p><\/em><\/b><\/p>\n<hr\\>\n<div style=\"width:40%;padding:0 10px 0 0;float:left;\">\n<a href=\"http:\/\/momentosdenatureza.web.ua.pt\/index.php\/2018-equinacea\/\" target=\"_blank\"><br \/>\n<img loading=\"lazy\" decoding=\"async\" src=\"http:\/\/momentosdenatureza.web.ua.pt\/wp-content\/uploads\/2018\/06\/equin\u00e1cea-300x200.jpg\" alt=\"\" width=\"300\" height=\"200\" class=\"alignnone size-medium wp-image-1579\" srcset=\"https:\/\/momentosdenatureza.web.ua.pt\/wp-content\/uploads\/2018\/06\/equin\u00e1cea-300x200.jpg 300w, https:\/\/momentosdenatureza.web.ua.pt\/wp-content\/uploads\/2018\/06\/equin\u00e1cea-768x512.jpg 768w, https:\/\/momentosdenatureza.web.ua.pt\/wp-content\/uploads\/2018\/06\/equin\u00e1cea-1024x682.jpg 1024w, https:\/\/momentosdenatureza.web.ua.pt\/wp-content\/uploads\/2018\/06\/equin\u00e1cea-405x270.jpg 405w\" sizes=\"auto, (max-width: 300px) 100vw, 300px\" \/><\/a>\n<\/div>\n<div style=\"width:40%;padding:0 10px 0 0;float:right;\">\n<a href=\"http:\/\/momentosdenatureza.web.ua.pt\/index.php\/2018-dente-de-leao\/\" target=\"_blank\"><br \/>\n<img loading=\"lazy\" decoding=\"async\" src=\"http:\/\/momentosdenatureza.web.ua.pt\/wp-content\/uploads\/2018\/06\/dente-de-le\u00e3o-300x200.jpg\" alt=\"\" width=\"300\" height=\"200\" class=\"alignnone size-medium wp-image-1576\" srcset=\"https:\/\/momentosdenatureza.web.ua.pt\/wp-content\/uploads\/2018\/06\/dente-de-le\u00e3o-300x200.jpg 300w, https:\/\/momentosdenatureza.web.ua.pt\/wp-content\/uploads\/2018\/06\/dente-de-le\u00e3o-768x512.jpg 768w, https:\/\/momentosdenatureza.web.ua.pt\/wp-content\/uploads\/2018\/06\/dente-de-le\u00e3o-1024x683.jpg 1024w, https:\/\/momentosdenatureza.web.ua.pt\/wp-content\/uploads\/2018\/06\/dente-de-le\u00e3o-405x270.jpg 405w\" sizes=\"auto, (max-width: 300px) 100vw, 300px\" \/><\/a>\n<\/div>\n<div style=\"clear:both;\"><\/div>\n<div style=\"width:40%;padding:0 10px 0 0;float:left;\">\n<a href=\"http:\/\/momentosdenatureza.web.ua.pt\/index.php\/2018-cabrinha\/\" target=\"_blank\"><br \/>\n<img loading=\"lazy\" decoding=\"async\" src=\"http:\/\/momentosdenatureza.web.ua.pt\/wp-content\/uploads\/2018\/06\/cabrinha-200x300.jpg\" alt=\"\" width=\"200\" height=\"300\" class=\"alignnone size-medium wp-image-1573\" srcset=\"https:\/\/momentosdenatureza.web.ua.pt\/wp-content\/uploads\/2018\/06\/cabrinha-200x300.jpg 200w, https:\/\/momentosdenatureza.web.ua.pt\/wp-content\/uploads\/2018\/06\/cabrinha-768x1152.jpg 768w, https:\/\/momentosdenatureza.web.ua.pt\/wp-content\/uploads\/2018\/06\/cabrinha-682x1024.jpg 682w, https:\/\/momentosdenatureza.web.ua.pt\/wp-content\/uploads\/2018\/06\/cabrinha-180x270.jpg 180w\" sizes=\"auto, (max-width: 200px) 100vw, 200px\" \/><\/a>\n<\/div>\n<div style=\"width:40%;padding:0 10px 0 0;float:right;\">\n<a href=\"http:\/\/momentosdenatureza.web.ua.pt\/index.php\/2018-esporas-bravas\/\" target=\"_blank\"><br \/>\n<img loading=\"lazy\" decoding=\"async\" src=\"http:\/\/momentosdenatureza.web.ua.pt\/wp-content\/uploads\/2018\/06\/esporas-bravas-200x300.jpg\" alt=\"\" width=\"200\" height=\"300\" class=\"alignnone size-medium wp-image-1582\" srcset=\"https:\/\/momentosdenatureza.web.ua.pt\/wp-content\/uploads\/2018\/06\/esporas-bravas-200x300.jpg 200w, https:\/\/momentosdenatureza.web.ua.pt\/wp-content\/uploads\/2018\/06\/esporas-bravas-768x1152.jpg 768w, https:\/\/momentosdenatureza.web.ua.pt\/wp-content\/uploads\/2018\/06\/esporas-bravas-683x1024.jpg 683w, https:\/\/momentosdenatureza.web.ua.pt\/wp-content\/uploads\/2018\/06\/esporas-bravas-180x270.jpg 180w\" sizes=\"auto, (max-width: 200px) 100vw, 200px\" \/><\/a>\n<\/div>\n<div style=\"clear:both;\"><\/div>\n<div style=\"width:40%;padding:0 10px 0 0;float:left;\">\n<a href=\"http:\/\/momentosdenatureza.web.ua.pt\/index.php\/2018-musgo\/\" target=\"_blank\"><br \/>\n<img loading=\"lazy\" decoding=\"async\" src=\"http:\/\/momentosdenatureza.web.ua.pt\/wp-content\/uploads\/2018\/06\/musgo-300x200.jpg\" alt=\"\" width=\"300\" height=\"200\" class=\"alignnone size-medium wp-image-1585\" srcset=\"https:\/\/momentosdenatureza.web.ua.pt\/wp-content\/uploads\/2018\/06\/musgo-300x200.jpg 300w, https:\/\/momentosdenatureza.web.ua.pt\/wp-content\/uploads\/2018\/06\/musgo-768x512.jpg 768w, https:\/\/momentosdenatureza.web.ua.pt\/wp-content\/uploads\/2018\/06\/musgo-1024x683.jpg 1024w, https:\/\/momentosdenatureza.web.ua.pt\/wp-content\/uploads\/2018\/06\/musgo-405x270.jpg 405w\" sizes=\"auto, (max-width: 300px) 100vw, 300px\" \/><\/a>\n<\/div>\n<div style=\"width:40%;padding:0 10px 0 0;float:right;\">\n<a href=\"http:\/\/momentosdenatureza.web.ua.pt\/index.php\/2018-pascoinhas\/\" target=\"_blank\"><br \/>\n<img loading=\"lazy\" decoding=\"async\" src=\"http:\/\/momentosdenatureza.web.ua.pt\/wp-content\/uploads\/2018\/06\/pascoinhas--300x200.jpg\" alt=\"\" width=\"300\" height=\"200\" class=\"alignnone size-medium wp-image-1588\" srcset=\"https:\/\/momentosdenatureza.web.ua.pt\/wp-content\/uploads\/2018\/06\/pascoinhas--300x200.jpg 300w, https:\/\/momentosdenatureza.web.ua.pt\/wp-content\/uploads\/2018\/06\/pascoinhas--768x512.jpg 768w, https:\/\/momentosdenatureza.web.ua.pt\/wp-content\/uploads\/2018\/06\/pascoinhas--1024x683.jpg 1024w, https:\/\/momentosdenatureza.web.ua.pt\/wp-content\/uploads\/2018\/06\/pascoinhas--405x270.jpg 405w\" sizes=\"auto, (max-width: 300px) 100vw, 300px\" \/><\/a>\n<\/div>\n<div style=\"clear:both;\"><\/div>\n","protected":false},"excerpt":{"rendered":"<p>&nbsp; Licenciada em Biologia e Mestre em Biologia Aplicada, ramo Ecologia, Biodiversidade e Gest\u00e3o de Ecossistemas pela Universidade de Aveiro (UA), \u00e9 atualmente T\u00e9cnica Superior [&#8230;]<\/p>\n","protected":false},"author":3,"featured_media":0,"parent":0,"menu_order":0,"comment_status":"closed","ping_status":"closed","template":"","meta":{"footnotes":""},"class_list":["post-986","page","type-page","status-publish","hentry"],"post_mailing_queue_ids":[],"_links":{"self":[{"href":"https:\/\/momentosdenatureza.web.ua.pt\/index.php\/wp-json\/wp\/v2\/pages\/986","targetHints":{"allow":["GET"]}}],"collection":[{"href":"https:\/\/momentosdenatureza.web.ua.pt\/index.php\/wp-json\/wp\/v2\/pages"}],"about":[{"href":"https:\/\/momentosdenatureza.web.ua.pt\/index.php\/wp-json\/wp\/v2\/types\/page"}],"author":[{"embeddable":true,"href":"https:\/\/momentosdenatureza.web.ua.pt\/index.php\/wp-json\/wp\/v2\/users\/3"}],"replies":[{"embeddable":true,"href":"https:\/\/momentosdenatureza.web.ua.pt\/index.php\/wp-json\/wp\/v2\/comments?post=986"}],"version-history":[{"count":13,"href":"https:\/\/momentosdenatureza.web.ua.pt\/index.php\/wp-json\/wp\/v2\/pages\/986\/revisions"}],"predecessor-version":[{"id":1741,"href":"https:\/\/momentosdenatureza.web.ua.pt\/index.php\/wp-json\/wp\/v2\/pages\/986\/revisions\/1741"}],"wp:attachment":[{"href":"https:\/\/momentosdenatureza.web.ua.pt\/index.php\/wp-json\/wp\/v2\/media?parent=986"}],"curies":[{"name":"wp","href":"https:\/\/api.w.org\/{rel}","templated":true}]}}